{"version":"1.0","provider_name":"Jard\u00edn de infancia Pasitos en Z\u00farich","provider_url":"https:\/\/www.kindergartenpasitos.ch\/es","author_name":"Kindergartenkinder","author_url":"https:\/\/www.kindergartenpasitos.ch\/es\/author\/kindergartenkinder\/","title":"2. Jahr Kindergarten - Kindergarten Pasitos in Z\u00fcrich","type":"rich","width":600,"height":338,"html":"<blockquote class=\"wp-embedded-content\" data-secret=\"Y7cAAzCFM2\"><a href=\"https:\/\/www.kindergartenpasitos.ch\/es\/classes\/2-jahr-kindergarten-2\/\">2er a\u00f1o de guarder\u00eda<\/a><\/blockquote><iframe sandbox=\"allow-scripts\" security=\"restricted\" src=\"https:\/\/www.kindergartenpasitos.ch\/es\/classes\/2-jahr-kindergarten-2\/embed\/#?secret=Y7cAAzCFM2\" width=\"600\" height=\"338\" title=\"\u00ab2. Jahr Kindergarten\u00bb \u2014 Kindergarten Pasitos in Z\u00fcrich\" data-secret=\"Y7cAAzCFM2\" frameborder=\"0\" marginwidth=\"0\" marginheight=\"0\" scrolling=\"no\" class=\"wp-embedded-content\"><\/iframe><script>\n\/*! This file is auto-generated *\/\n!function(d,l){\"use strict\";l.querySelector&&d.addEventListener&&\"undefined\"!=typeof URL&&(d.wp=d.wp||{},d.wp.receiveEmbedMessage||(d.wp.receiveEmbedMessage=function(e){var t=e.data;if((t||t.secret||t.message||t.value)&&!\/[^a-zA-Z0-9]\/.test(t.secret)){for(var s,r,n,a=l.querySelectorAll('iframe[data-secret=\"'+t.secret+'\"]'),o=l.querySelectorAll('blockquote[data-secret=\"'+t.secret+'\"]'),c=new RegExp(\"^https?:$\",\"i\"),i=0;i<o.length;i++)o[i].style.display=\"none\";for(i=0;i<a.length;i++)s=a[i],e.source===s.contentWindow&&(s.removeAttribute(\"style\"),\"height\"===t.message?(1e3<(r=parseInt(t.value,10))?r=1e3:~~r<200&&(r=200),s.height=r):\"link\"===t.message&&(r=new URL(s.getAttribute(\"src\")),n=new URL(t.value),c.test(n.protocol))&&n.host===r.host&&l.activeElement===s&&(d.top.location.href=t.value))}},d.addEventListener(\"message\",d.wp.receiveEmbedMessage,!1),l.addEventListener(\"DOMContentLoaded\",function(){for(var e,t,s=l.querySelectorAll(\"iframe.wp-embedded-content\"),r=0;r<s.length;r++)(t=(e=s[r]).getAttribute(\"data-secret\"))||(t=Math.random().toString(36).substring(2,12),e.src+=\"#?secret=\"+t,e.setAttribute(\"data-secret\",t)),e.contentWindow.postMessage({message:\"ready\",secret:t},\"*\")},!1)))}(window,document);\n\/\/# sourceURL=https:\/\/www.kindergartenpasitos.ch\/wp-includes\/js\/wp-embed.min.js\n<\/script>","thumbnail_url":"https:\/\/www.kindergartenpasitos.ch\/wp-content\/uploads\/2024\/12\/Pasitos-Kindergarten-Kinder-am-basteln-scaled.webp","thumbnail_width":2560,"thumbnail_height":1707,"description":"Im zweiten Kindergartenjahr vertiefen wir F\u00e4higkeiten, st\u00e4rken die Selbstst\u00e4ndigkeit und f\u00f6rdern die kindliche Neugier. Gemeinsam entdecken wir neue Herausforderungen, entfalten Talente und bereiten die Kinder spielerisch auf den n\u00e4chsten grossen Schritt vor."}