{"id":14,"date":"2020-07-22T09:49:54","date_gmt":"2020-07-22T09:49:54","guid":{"rendered":"https:\/\/demo.cmssuperheroes.com\/themeforest\/kindori\/?page_id=14"},"modified":"2025-05-08T11:51:43","modified_gmt":"2025-05-08T09:51:43","slug":"1-und-2-kindergartenjahr","status":"publish","type":"page","link":"https:\/\/www.kindergartenpasitos.ch\/es\/1-und-2-kindergartenjahr\/","title":{"rendered":"Primer y segundo a\u00f1o de la escuela infantil"},"content":{"rendered":"<div data-elementor-type=\"wp-page\" data-elementor-id=\"14\" class=\"elementor elementor-14\" data-elementor-post-type=\"page\">\n\t\t\t\t\t\t<section class=\"elementor-section elementor-top-section elementor-element elementor-element-ab59f7e elementor-section-boxed elementor-section-height-default elementor-section-height-default\" data-id=\"ab59f7e\" data-element_type=\"section\" data-e-type=\"section\">\r\n\t\t\t\t\t\t<div class=\"elementor-container elementor-column-gap-default\" >\r\n\t\t\t        <div class=\"elementor-column elementor-col-100 elementor-top-column elementor-element elementor-element-5a7f265\" data-id=\"5a7f265\" data-element_type=\"column\" data-e-type=\"column\">\r\n            <div class=\"elementor-widget-wrap elementor-element-populated\">\r\n                \t\t<div class=\"elementor-element elementor-element-bbb3f75 elementor-widget elementor-widget-spacer\" data-id=\"bbb3f75\" data-element_type=\"widget\" data-e-type=\"widget\" data-widget_type=\"spacer.default\">\n\t\t\t\t<div class=\"elementor-widget-container\">\n\t\t\t\t\t\t\t<div class=\"elementor-spacer\">\n\t\t\t<div class=\"elementor-spacer-inner\"><\/div>\n\t\t<\/div>\n\t\t\t\t\t\t<\/div>\n\t\t\t\t<\/div>\n\t\t            <\/div>\r\n        <\/div>\r\n        \t\t\t<\/div>\r\n\t\t<\/section>\r\n\t\t\t\t<section class=\"elementor-section elementor-top-section elementor-element elementor-element-e8e41d9 elementor-section-boxed elementor-section-height-default elementor-section-height-default\" data-id=\"e8e41d9\" data-element_type=\"section\" data-e-type=\"section\">\r\n\t\t\t\t\t\t<div class=\"elementor-container elementor-column-gap-default\" >\r\n\t\t\t        <div class=\"elementor-column elementor-col-25 elementor-top-column elementor-element elementor-element-0701e2d\" data-id=\"0701e2d\" data-element_type=\"column\" data-e-type=\"column\">\r\n            <div class=\"elementor-widget-wrap elementor-element-populated\">\r\n                \t\t<div class=\"elementor-element elementor-element-59796e4 elementor-widget__width-initial elementor-widget elementor-widget-cms_image_single\" data-id=\"59796e4\" data-element_type=\"widget\" data-e-type=\"widget\" data-widget_type=\"cms_image_single.default\">\n\t\t\t\t<div class=\"elementor-widget-container\">\n\t\t\t\t\t<div class=\"cms-image-single cms-animation-bottom-to-top wow pulse\">\r\n            <div class=\"cms-img-box\">\r\n                            <img decoding=\"async\" width=\"104\" height=\"116\" src=\"https:\/\/www.kindergartenpasitos.ch\/wp-content\/uploads\/2020\/08\/image-birth.png\" class=\"attachment-medium size-medium wp-image-2389\" alt=\"\" \/>                    <\/div>\r\n    <\/div>\t\t\t\t<\/div>\n\t\t\t\t<\/div>\n\t\t            <\/div>\r\n        <\/div>\r\n                <div class=\"elementor-column elementor-col-50 elementor-top-column elementor-element elementor-element-02fe529\" data-id=\"02fe529\" data-element_type=\"column\" data-e-type=\"column\">\r\n            <div class=\"elementor-widget-wrap elementor-element-populated\">\r\n                \t\t<div class=\"elementor-element elementor-element-296ca99 elementor-widget__width-initial elementor-widget elementor-widget-cms_heading\" data-id=\"296ca99\" data-element_type=\"widget\" data-e-type=\"widget\" data-widget_type=\"cms_heading.default\">\n\t\t\t\t<div class=\"elementor-widget-container\">\n\t\t\t\t\t<div class=\"cms-heading-wrapper cms-heading-layout1 wow pulse\">\r\n            <div class=\"custom-subheading\">El comienzo perfecto para tu hijo\/a.<\/div>\r\n    \r\n            <h3 class=\"custom-heading\">\r\n            <span                 >\r\n                Primer a\u00f1o de escuela infantil<\/span>\r\n        <\/h3>\r\n        \r\n    <\/div>\t\t\t\t<\/div>\n\t\t\t\t<\/div>\n\t\t\t\t<div class=\"elementor-element elementor-element-c1ed9e3 elementor-widget__width-initial elementor-widget elementor-widget-cms_banner\" data-id=\"c1ed9e3\" data-element_type=\"widget\" data-e-type=\"widget\" data-widget_type=\"cms_banner.default\">\n\t\t\t\t<div class=\"elementor-widget-container\">\n\t\t\t\t\t<div class=\"cms-banner layout2\">\r\n\t<div class=\"inner-layout\">\r\n\t    \t        <div class=\"img-bg\">\r\n\t        \t<div class=\"item-image\"><\/div>\r\n\t            <img fetchpriority=\"high\" decoding=\"async\" width=\"2560\" height=\"1707\" src=\"https:\/\/www.kindergartenpasitos.ch\/wp-content\/uploads\/2024\/12\/Kindergarten-Pasitos-in-Zuerich-scaled.webp\" class=\"attachment-full size-full wp-image-5093\" alt=\"\" srcset=\"https:\/\/www.kindergartenpasitos.ch\/wp-content\/uploads\/2024\/12\/Kindergarten-Pasitos-in-Zuerich-scaled.webp 2560w, https:\/\/www.kindergartenpasitos.ch\/wp-content\/uploads\/2024\/12\/Kindergarten-Pasitos-in-Zuerich-300x200.webp 300w, https:\/\/www.kindergartenpasitos.ch\/wp-content\/uploads\/2024\/12\/Kindergarten-Pasitos-in-Zuerich-1024x683.webp 1024w, https:\/\/www.kindergartenpasitos.ch\/wp-content\/uploads\/2024\/12\/Kindergarten-Pasitos-in-Zuerich-768x512.webp 768w\" sizes=\"(max-width: 2560px) 100vw, 2560px\" \/>\t        <\/div>\r\n\t    \t    <div class=\"item--holder\">\r\n\t\t    \t\t        <h3 class=\"item--title\">\r\n\t\t            Erstes Jahr\t\t        <\/h3>\r\n\t\t    \t\t    \t    <\/div>\r\n\t<\/div>\r\n<\/div>\t\t\t\t<\/div>\n\t\t\t\t<\/div>\n\t\t            <\/div>\r\n        <\/div>\r\n                <div class=\"elementor-column elementor-col-25 elementor-top-column elementor-element elementor-element-003e31f\" data-id=\"003e31f\" data-element_type=\"column\" data-e-type=\"column\">\r\n            <div class=\"elementor-widget-wrap elementor-element-populated\">\r\n                \t\t<div class=\"elementor-element elementor-element-8f81138 cms-element elementor-widget__width-initial elementor-widget elementor-widget-cms_image_single\" data-id=\"8f81138\" data-element_type=\"widget\" data-e-type=\"widget\" data-widget_type=\"cms_image_single.default\">\n\t\t\t\t<div class=\"elementor-widget-container\">\n\t\t\t\t\t<div class=\"cms-image-single cms-animation-left-to-right\">\r\n            <div class=\"cms-img-box\">\r\n                            <img decoding=\"async\" width=\"133\" height=\"137\" src=\"https:\/\/www.kindergartenpasitos.ch\/wp-content\/uploads\/2020\/08\/image-home-2.png\" class=\"attachment-full size-full wp-image-2020\" alt=\"\" \/>                    <\/div>\r\n    <\/div>\t\t\t\t<\/div>\n\t\t\t\t<\/div>\n\t\t            <\/div>\r\n        <\/div>\r\n        \t\t\t<\/div>\r\n\t\t<\/section>\r\n\t\t\t\t<section class=\"elementor-section elementor-top-section elementor-element elementor-element-19ece27 elementor-section-boxed elementor-section-height-default elementor-section-height-default\" data-id=\"19ece27\" data-element_type=\"section\" data-e-type=\"section\">\r\n\t\t\t\t\t\t<div class=\"elementor-container elementor-column-gap-default\" >\r\n\t\t\t        <div class=\"elementor-column elementor-col-100 elementor-top-column elementor-element elementor-element-08536ca\" data-id=\"08536ca\" data-element_type=\"column\" data-e-type=\"column\">\r\n            <div class=\"elementor-widget-wrap elementor-element-populated\">\r\n                \t\t<div class=\"elementor-element elementor-element-a98ed0a elementor-widget elementor-widget-spacer\" data-id=\"a98ed0a\" data-element_type=\"widget\" data-e-type=\"widget\" data-widget_type=\"spacer.default\">\n\t\t\t\t<div class=\"elementor-widget-container\">\n\t\t\t\t\t\t\t<div class=\"elementor-spacer\">\n\t\t\t<div class=\"elementor-spacer-inner\"><\/div>\n\t\t<\/div>\n\t\t\t\t\t\t<\/div>\n\t\t\t\t<\/div>\n\t\t\t\t<div class=\"elementor-element elementor-element-42b705b elementor-widget elementor-widget-cms_heading\" data-id=\"42b705b\" data-element_type=\"widget\" data-e-type=\"widget\" data-widget_type=\"cms_heading.default\">\n\t\t\t\t<div class=\"elementor-widget-container\">\n\t\t\t\t\t<div class=\"cms-heading-wrapper cms-heading-layout1 wow pulse\">\r\n    \r\n        \r\n            <div class=\"custom-heading-description\">\r\n            <p>En el primer a\u00f1o de escuela infantil en Pasitos, tu hijo\/a comienza una nueva y emocionante aventura. A trav\u00e9s del juego, se introduce de manera natural al alem\u00e1n y al espa\u00f1ol, disfrutando cada d\u00eda de una combinaci\u00f3n variada de diversi\u00f3n, aprendizaje y desarrollo.\nNuestro horario estructurado garantiza un equilibrio ideal entre educaci\u00f3n y movimiento, permitiendo que tu hijo\/a crezca en un ambiente c\u00e1lido y seguro. Nuestro objetivo es ofrecerle un entorno donde aprenda idiomas de forma l\u00fadica, haga nuevas amistades y desarrolle confianza en s\u00ed mismo.<\/p>        <\/div>\r\n    <\/div>\t\t\t\t<\/div>\n\t\t\t\t<\/div>\n\t\t\t\t<div class=\"elementor-element elementor-element-b265b40 elementor-widget elementor-widget-html\" data-id=\"b265b40\" data-element_type=\"widget\" data-e-type=\"widget\" data-widget_type=\"html.default\">\n\t\t\t\t<div class=\"elementor-widget-container\">\n\t\t\t\t\t<!-- Calendly Link-Widget -->\n<link href=\"https:\/\/assets.calendly.com\/assets\/external\/widget.css\" rel=\"stylesheet\">\n<script src=\"https:\/\/assets.calendly.com\/assets\/external\/widget.js\" type=\"text\/javascript\" async><\/script>\n\n<!-- Button f\u00fcr Terminbuchung -->\n<div class=\"button-container\">\n    <div class=\"elementor-widget-container\">\n        <div class=\"elementor-button-wrapper\">\n            <button id=\"calendly-button\" class=\"elementor-button elementor-button-link elementor-size-sm\">\n                <span class=\"elementor-button-content-wrapper\">\n                    <span class=\"elementor-button-text\">Saber m\u00e1s<\/span>\n                <\/span>\n            <\/button>\n        <\/div>\n    <\/div>\n<\/div>\n\n<!-- JavaScript f\u00fcr den Button -->\n<script>\ndocument.getElementById(\"calendly-button\").addEventListener(\"click\", function() {\n    Calendly.initPopupWidget({\n        url: 'https:\/\/calendly.com\/pasitos-guarderia\/30min?hide_gdpr_banner=1'\n    });\n});\n<\/script>\n\n<!-- Button-Styling -->\n<style>\n\/* Container f\u00fcr horizontale Zentrierung mit weniger Abstand oben\/unten *\/\n.button-container {\n    display: flex;\n    justify-content: center;  \/* Zentriert horizontal *\/\n    padding: 20px 0; \/* Weniger Abstand oben und unten *\/\n}\n\n\/* Elementor-Button Design *\/\n.elementor-button {\n    display: inline-flex;\n    align-items: center;\n    justify-content: center;\n    font-weight: bold;\n    text-decoration: none;\n    padding: 15px 30px; \/* Etwas kompaktere Gr\u00f6\u00dfe *\/\n    border-radius: 7px;\n    font-size: 16px;\n    background-color: #FF4880; \/* Prim\u00e4rfarbe *\/\n    color: #F9FAFA; \/* Schriftfarbe *\/\n    border: none;\n    cursor: pointer;\n    transition: background-color 0.3s ease-in-out;\n    text-transform: none !important; \/* Verhindert automatische Gro\u00dfschreibung *\/\n}\n\n\/* Sicherstellen, dass der Text wirklich klein geschrieben bleibt *\/\n.elementor-button-text {\n    text-transform: none !important; \/* Erzwingt die korrekte Schreibweise *\/\n    font-variant: normal !important; \/* Verhindert stilistische Variationen *\/\n    font-style: normal !important;\n}\n\n\/* Hover-Effekt *\/\n.elementor-button:hover {\n    background-color: #271344; \/* Hover-Farbe *\/\n}\n<\/style>\n\t\t\t\t<\/div>\n\t\t\t\t<\/div>\n\t\t\t\t<div class=\"elementor-element elementor-element-b196ed5 elementor-widget elementor-widget-spacer\" data-id=\"b196ed5\" data-element_type=\"widget\" data-e-type=\"widget\" data-widget_type=\"spacer.default\">\n\t\t\t\t<div class=\"elementor-widget-container\">\n\t\t\t\t\t\t\t<div class=\"elementor-spacer\">\n\t\t\t<div class=\"elementor-spacer-inner\"><\/div>\n\t\t<\/div>\n\t\t\t\t\t\t<\/div>\n\t\t\t\t<\/div>\n\t\t            <\/div>\r\n        <\/div>\r\n        \t\t\t<\/div>\r\n\t\t<\/section>\r\n\t\t\t\t<section class=\"elementor-section elementor-top-section elementor-element elementor-element-449de61 elementor-section-stretched bg-four elementor-section-boxed elementor-section-height-default elementor-section-height-default\" data-id=\"449de61\" data-element_type=\"section\" data-e-type=\"section\" data-settings=\"{&quot;stretch_section&quot;:&quot;section-stretched&quot;,&quot;background_background&quot;:&quot;classic&quot;}\">\r\n\t\t\t\t\t\t<div class=\"elementor-container elementor-column-gap-default\" >\r\n\t\t\t        <div class=\"elementor-column elementor-col-100 elementor-top-column elementor-element elementor-element-602f171\" data-id=\"602f171\" data-element_type=\"column\" data-e-type=\"column\">\r\n            <div class=\"elementor-widget-wrap elementor-element-populated\">\r\n                \t\t<div class=\"elementor-element elementor-element-03699c7 elementor-widget elementor-widget-cms_heading\" data-id=\"03699c7\" data-element_type=\"widget\" data-e-type=\"widget\" data-widget_type=\"cms_heading.default\">\n\t\t\t\t<div class=\"elementor-widget-container\">\n\t\t\t\t\t<div class=\"cms-heading-wrapper cms-heading-layout1 wow pulse\">\r\n    \r\n            <h3 class=\"custom-heading\">\r\n            <span                 >\r\n                Aqu\u00ed est\u00e1 nuestro horario:<\/span>\r\n        <\/h3>\r\n        \r\n    <\/div>\t\t\t\t<\/div>\n\t\t\t\t<\/div>\n\t\t\t\t<div class=\"elementor-element elementor-element-a2c1876 elementor-widget elementor-widget-image\" data-id=\"a2c1876\" data-element_type=\"widget\" data-e-type=\"widget\" data-widget_type=\"image.default\">\n\t\t\t\t<div class=\"elementor-widget-container\">\n\t\t\t\t\t\t\t\t\t\t\t\t\t\t\t<img loading=\"lazy\" decoding=\"async\" width=\"545\" height=\"165\" src=\"https:\/\/www.kindergartenpasitos.ch\/wp-content\/uploads\/2020\/08\/bg-bottom.png\" class=\"attachment-large size-large wp-image-593\" alt=\"\" srcset=\"https:\/\/www.kindergartenpasitos.ch\/wp-content\/uploads\/2020\/08\/bg-bottom.png 545w, https:\/\/www.kindergartenpasitos.ch\/wp-content\/uploads\/2020\/08\/bg-bottom-300x91.png 300w\" sizes=\"(max-width: 545px) 100vw, 545px\" \/>\t\t\t\t\t\t\t\t\t\t\t\t\t\t\t<\/div>\n\t\t\t\t<\/div>\n\t\t\t\t<section class=\"elementor-section elementor-inner-section elementor-element elementor-element-09d1b6e elementor-section-boxed elementor-section-height-default elementor-section-height-default\" data-id=\"09d1b6e\" data-element_type=\"section\" data-e-type=\"section\">\r\n\t\t\t\t\t\t<div class=\"elementor-container elementor-column-gap-default\" >\r\n\t\t\t        <div class=\"elementor-column elementor-col-50 elementor-inner-column elementor-element elementor-element-a048616\" data-id=\"a048616\" data-element_type=\"column\" data-e-type=\"column\">\r\n            <div class=\"elementor-widget-wrap elementor-element-populated\">\r\n                \t\t<div class=\"elementor-element elementor-element-ccbcec0 elementor-align-right elementor-mobile-align-center elementor-widget elementor-widget-button\" data-id=\"ccbcec0\" data-element_type=\"widget\" data-e-type=\"widget\" data-widget_type=\"button.default\">\n\t\t\t\t<div class=\"elementor-widget-container\">\n\t\t\t\t\t\t\t\t\t<div class=\"elementor-button-wrapper\">\n\t\t\t\t\t<a class=\"elementor-button elementor-button-link elementor-size-sm\" href=\"https:\/\/www.kindergartenpasitos.ch\/wp-content\/uploads\/2025\/01\/PASITOS-Kindergarten-Stundenplan-2025_2026_DE.pdf\" target=\"_blank\">\n\t\t\t\t\t\t<span class=\"elementor-button-content-wrapper\">\n\t\t\t\t\t\t<span class=\"elementor-button-icon\">\n\t\t\t\t<i aria-hidden=\"true\" class=\"fas fa-arrow-alt-circle-right\"><\/i>\t\t\t<\/span>\n\t\t\t\t\t\t\t\t\t<span class=\"elementor-button-text\">Horario DE<\/span>\n\t\t\t\t\t<\/span>\n\t\t\t\t\t<\/a>\n\t\t\t\t<\/div>\n\t\t\t\t\t\t\t\t<\/div>\n\t\t\t\t<\/div>\n\t\t            <\/div>\r\n        <\/div>\r\n                <div class=\"elementor-column elementor-col-50 elementor-inner-column elementor-element elementor-element-fa14341\" data-id=\"fa14341\" data-element_type=\"column\" data-e-type=\"column\">\r\n            <div class=\"elementor-widget-wrap elementor-element-populated\">\r\n                \t\t<div class=\"elementor-element elementor-element-977c423 elementor-align-left elementor-mobile-align-center elementor-widget elementor-widget-button\" data-id=\"977c423\" data-element_type=\"widget\" data-e-type=\"widget\" data-widget_type=\"button.default\">\n\t\t\t\t<div class=\"elementor-widget-container\">\n\t\t\t\t\t\t\t\t\t<div class=\"elementor-button-wrapper\">\n\t\t\t\t\t<a class=\"elementor-button elementor-button-link elementor-size-sm\" href=\"https:\/\/www.kindergartenpasitos.ch\/wp-content\/uploads\/2025\/01\/PASITOS-Kindergarten-Stundenplan-2025_2026_ES.pdf\" target=\"_blank\">\n\t\t\t\t\t\t<span class=\"elementor-button-content-wrapper\">\n\t\t\t\t\t\t<span class=\"elementor-button-icon\">\n\t\t\t\t<i aria-hidden=\"true\" class=\"fas fa-arrow-alt-circle-right\"><\/i>\t\t\t<\/span>\n\t\t\t\t\t\t\t\t\t<span class=\"elementor-button-text\">Horario ES<\/span>\n\t\t\t\t\t<\/span>\n\t\t\t\t\t<\/a>\n\t\t\t\t<\/div>\n\t\t\t\t\t\t\t\t<\/div>\n\t\t\t\t<\/div>\n\t\t            <\/div>\r\n        <\/div>\r\n        \t\t\t<\/div>\r\n\t\t<\/section>\r\n\t\t            <\/div>\r\n        <\/div>\r\n        \t\t\t<\/div>\r\n\t\t<\/section>\r\n\t\t\t\t<section class=\"elementor-section elementor-top-section elementor-element elementor-element-751279b elementor-section-boxed elementor-section-height-default elementor-section-height-default\" data-id=\"751279b\" data-element_type=\"section\" data-e-type=\"section\">\r\n\t\t\t\t\t\t<div class=\"elementor-container elementor-column-gap-default\" >\r\n\t\t\t        <div class=\"elementor-column elementor-col-100 elementor-top-column elementor-element elementor-element-6785be2\" data-id=\"6785be2\" data-element_type=\"column\" data-e-type=\"column\">\r\n            <div class=\"elementor-widget-wrap elementor-element-populated\">\r\n                \t\t<div class=\"elementor-element elementor-element-5bc6ab5 elementor-widget elementor-widget-spacer\" data-id=\"5bc6ab5\" data-element_type=\"widget\" data-e-type=\"widget\" data-widget_type=\"spacer.default\">\n\t\t\t\t<div class=\"elementor-widget-container\">\n\t\t\t\t\t\t\t<div class=\"elementor-spacer\">\n\t\t\t<div class=\"elementor-spacer-inner\"><\/div>\n\t\t<\/div>\n\t\t\t\t\t\t<\/div>\n\t\t\t\t<\/div>\n\t\t            <\/div>\r\n        <\/div>\r\n        \t\t\t<\/div>\r\n\t\t<\/section>\r\n\t\t\t\t<section class=\"elementor-section elementor-top-section elementor-element elementor-element-83de23a elementor-section-boxed elementor-section-height-default elementor-section-height-default\" data-id=\"83de23a\" data-element_type=\"section\" data-e-type=\"section\">\r\n\t\t\t\t\t\t<div class=\"elementor-container elementor-column-gap-default\" >\r\n\t\t\t        <div class=\"elementor-column elementor-col-100 elementor-top-column elementor-element elementor-element-ca916f3\" data-id=\"ca916f3\" data-element_type=\"column\" data-e-type=\"column\">\r\n            <div class=\"elementor-widget-wrap elementor-element-populated\">\r\n                \t\t<div class=\"elementor-element elementor-element-cbe2389 elementor-widget elementor-widget-cms_heading\" data-id=\"cbe2389\" data-element_type=\"widget\" data-e-type=\"widget\" data-widget_type=\"cms_heading.default\">\n\t\t\t\t<div class=\"elementor-widget-container\">\n\t\t\t\t\t<div class=\"cms-heading-wrapper cms-heading-layout1 wow pulse\">\r\n            <div class=\"custom-subheading\">El comienzo perfecto para tu hijo\/a.<\/div>\r\n    \r\n            <h3 class=\"custom-heading\">\r\n            <span                 >\r\n                Segundo a\u00f1o de escuela infantil<\/span>\r\n        <\/h3>\r\n        \r\n    <\/div>\t\t\t\t<\/div>\n\t\t\t\t<\/div>\n\t\t            <\/div>\r\n        <\/div>\r\n        \t\t\t<\/div>\r\n\t\t<\/section>\r\n\t\t\t\t<section class=\"elementor-section elementor-top-section elementor-element elementor-element-1c5e0a0 elementor-section-boxed elementor-section-height-default elementor-section-height-default\" data-id=\"1c5e0a0\" data-element_type=\"section\" data-e-type=\"section\">\r\n\t\t\t\t\t\t<div class=\"elementor-container elementor-column-gap-default\" >\r\n\t\t\t        <div class=\"elementor-column elementor-col-25 elementor-top-column elementor-element elementor-element-1fe1e56\" data-id=\"1fe1e56\" data-element_type=\"column\" data-e-type=\"column\">\r\n            <div class=\"elementor-widget-wrap elementor-element-populated\">\r\n                \t\t<div class=\"elementor-element elementor-element-51dd28a elementor-widget elementor-widget-cms_image_single\" data-id=\"51dd28a\" data-element_type=\"widget\" data-e-type=\"widget\" data-widget_type=\"cms_image_single.default\">\n\t\t\t\t<div class=\"elementor-widget-container\">\n\t\t\t\t\t<div class=\"cms-image-single cms-animation-bottom-to-top wow pulse\">\r\n            <div class=\"cms-img-box\">\r\n                            <img loading=\"lazy\" decoding=\"async\" width=\"99\" height=\"23\" src=\"https:\/\/www.kindergartenpasitos.ch\/wp-content\/uploads\/2020\/08\/image-bee-1.png\" class=\"attachment-full size-full wp-image-2266\" alt=\"\" \/>                    <\/div>\r\n    <\/div>\t\t\t\t<\/div>\n\t\t\t\t<\/div>\n\t\t            <\/div>\r\n        <\/div>\r\n                <div class=\"elementor-column elementor-col-50 elementor-top-column elementor-element elementor-element-54fb823\" data-id=\"54fb823\" data-element_type=\"column\" data-e-type=\"column\">\r\n            <div class=\"elementor-widget-wrap elementor-element-populated\">\r\n                \t\t<div class=\"elementor-element elementor-element-21f2612 elementor-widget__width-initial elementor-widget elementor-widget-cms_banner\" data-id=\"21f2612\" data-element_type=\"widget\" data-e-type=\"widget\" data-widget_type=\"cms_banner.default\">\n\t\t\t\t<div class=\"elementor-widget-container\">\n\t\t\t\t\t<div class=\"cms-banner layout2\">\r\n\t<div class=\"inner-layout\">\r\n\t    \t        <div class=\"img-bg\">\r\n\t        \t<div class=\"item-image\"><\/div>\r\n\t            <img loading=\"lazy\" decoding=\"async\" width=\"2560\" height=\"1707\" src=\"https:\/\/www.kindergartenpasitos.ch\/wp-content\/uploads\/2024\/12\/Pasitos-Kindergarten-Kinder-am-basteln-scaled.webp\" class=\"attachment-full size-full wp-image-5123\" alt=\"\" srcset=\"https:\/\/www.kindergartenpasitos.ch\/wp-content\/uploads\/2024\/12\/Pasitos-Kindergarten-Kinder-am-basteln-scaled.webp 2560w, https:\/\/www.kindergartenpasitos.ch\/wp-content\/uploads\/2024\/12\/Pasitos-Kindergarten-Kinder-am-basteln-300x200.webp 300w, https:\/\/www.kindergartenpasitos.ch\/wp-content\/uploads\/2024\/12\/Pasitos-Kindergarten-Kinder-am-basteln-1024x683.webp 1024w, https:\/\/www.kindergartenpasitos.ch\/wp-content\/uploads\/2024\/12\/Pasitos-Kindergarten-Kinder-am-basteln-768x512.webp 768w, https:\/\/www.kindergartenpasitos.ch\/wp-content\/uploads\/2024\/12\/Pasitos-Kindergarten-Kinder-am-basteln-1536x1024.webp 1536w, https:\/\/www.kindergartenpasitos.ch\/wp-content\/uploads\/2024\/12\/Pasitos-Kindergarten-Kinder-am-basteln-2048x1365.webp 2048w, https:\/\/www.kindergartenpasitos.ch\/wp-content\/uploads\/2024\/12\/Pasitos-Kindergarten-Kinder-am-basteln-18x12.webp 18w\" sizes=\"(max-width: 2560px) 100vw, 2560px\" \/>\t        <\/div>\r\n\t    \t    <div class=\"item--holder\">\r\n\t\t    \t\t        <h3 class=\"item--title\">\r\n\t\t            Zweites Jahr \t\t        <\/h3>\r\n\t\t    \t\t    \t    <\/div>\r\n\t<\/div>\r\n<\/div>\t\t\t\t<\/div>\n\t\t\t\t<\/div>\n\t\t            <\/div>\r\n        <\/div>\r\n                <div class=\"elementor-column elementor-col-25 elementor-top-column elementor-element elementor-element-849e2f5\" data-id=\"849e2f5\" data-element_type=\"column\" data-e-type=\"column\">\r\n            <div class=\"elementor-widget-wrap elementor-element-populated\">\r\n                \t\t<div class=\"elementor-element elementor-element-95b6a0b cms-element elementor-widget elementor-widget-cms_image_single\" data-id=\"95b6a0b\" data-element_type=\"widget\" data-e-type=\"widget\" data-widget_type=\"cms_image_single.default\">\n\t\t\t\t<div class=\"elementor-widget-container\">\n\t\t\t\t\t<div class=\"cms-image-single cms-animation-left-to-right\">\r\n            <div class=\"cms-img-box\">\r\n                            <img loading=\"lazy\" decoding=\"async\" width=\"55\" height=\"55\" src=\"https:\/\/www.kindergartenpasitos.ch\/wp-content\/uploads\/2020\/12\/landing-icon3.png\" class=\"attachment-full size-full wp-image-3911\" alt=\"\" \/>                    <\/div>\r\n    <\/div>\t\t\t\t<\/div>\n\t\t\t\t<\/div>\n\t\t            <\/div>\r\n        <\/div>\r\n        \t\t\t<\/div>\r\n\t\t<\/section>\r\n\t\t\t\t<section class=\"elementor-section elementor-top-section elementor-element elementor-element-7a6594b elementor-section-boxed elementor-section-height-default elementor-section-height-default\" data-id=\"7a6594b\" data-element_type=\"section\" data-e-type=\"section\">\r\n\t\t\t\t\t\t<div class=\"elementor-container elementor-column-gap-default\" >\r\n\t\t\t        <div class=\"elementor-column elementor-col-100 elementor-top-column elementor-element elementor-element-5ba3bf2\" data-id=\"5ba3bf2\" data-element_type=\"column\" data-e-type=\"column\">\r\n            <div class=\"elementor-widget-wrap elementor-element-populated\">\r\n                \t\t<div class=\"elementor-element elementor-element-1e6f811 elementor-widget elementor-widget-spacer\" data-id=\"1e6f811\" data-element_type=\"widget\" data-e-type=\"widget\" data-widget_type=\"spacer.default\">\n\t\t\t\t<div class=\"elementor-widget-container\">\n\t\t\t\t\t\t\t<div class=\"elementor-spacer\">\n\t\t\t<div class=\"elementor-spacer-inner\"><\/div>\n\t\t<\/div>\n\t\t\t\t\t\t<\/div>\n\t\t\t\t<\/div>\n\t\t\t\t<div class=\"elementor-element elementor-element-90d00f7 elementor-widget elementor-widget-cms_heading\" data-id=\"90d00f7\" data-element_type=\"widget\" data-e-type=\"widget\" data-widget_type=\"cms_heading.default\">\n\t\t\t\t<div class=\"elementor-widget-container\">\n\t\t\t\t\t<div class=\"cms-heading-wrapper cms-heading-layout1 wow pulse\">\r\n    \r\n        \r\n            <div class=\"custom-heading-description\">\r\n            <p class=\"MsoNormal\">En el segundo a\u00f1o de escuela infantil en Pasitos, tu hijo\/a profundiza sus conocimientos en alem\u00e1n y espa\u00f1ol, construyendo sobre las habilidades adquiridas en el primer a\u00f1o. A trav\u00e9s de actividades dirigidas, nuevos retos y mayor autonom\u00eda, se prepara de manera \u00f3ptima para la siguiente fase de su vida.\nEn este segundo a\u00f1o, fomentamos los talentos individuales de tu hijo\/a de manera a\u00fan m\u00e1s intensiva y lo preparamos de forma l\u00fadica para los desaf\u00edos futuros. <span style=\"letter-spacing: 0.2px\"><\/span><\/p>        <\/div>\r\n    <\/div>\t\t\t\t<\/div>\n\t\t\t\t<\/div>\n\t\t\t\t<div class=\"elementor-element elementor-element-9250ccf elementor-widget elementor-widget-html\" data-id=\"9250ccf\" data-element_type=\"widget\" data-e-type=\"widget\" data-widget_type=\"html.default\">\n\t\t\t\t<div class=\"elementor-widget-container\">\n\t\t\t\t\t<!-- Calendly Link-Widget -->\n<link href=\"https:\/\/assets.calendly.com\/assets\/external\/widget.css\" rel=\"stylesheet\">\n<script src=\"https:\/\/assets.calendly.com\/assets\/external\/widget.js\" type=\"text\/javascript\" async><\/script>\n\n<!-- Button f\u00fcr Terminbuchung -->\n<div class=\"button-container\">\n    <div class=\"elementor-widget-container\">\n        <div class=\"elementor-button-wrapper\">\n            <button id=\"calendly-button\" class=\"elementor-button elementor-button-link elementor-size-sm\">\n                <span class=\"elementor-button-content-wrapper\">\n                    <span class=\"elementor-button-text\">Saber m\u00e1s<\/span>\n                <\/span>\n            <\/button>\n        <\/div>\n    <\/div>\n<\/div>\n\n<!-- JavaScript f\u00fcr den Button -->\n<script>\ndocument.getElementById(\"calendly-button\").addEventListener(\"click\", function() {\n    Calendly.initPopupWidget({\n        url: 'https:\/\/calendly.com\/pasitos-guarderia\/30min?hide_gdpr_banner=1'\n    });\n});\n<\/script>\n\n<!-- Button-Styling -->\n<style>\n\/* Container f\u00fcr horizontale Zentrierung mit weniger Abstand oben\/unten *\/\n.button-container {\n    display: flex;\n    justify-content: center;  \/* Zentriert horizontal *\/\n    padding: 20px 0; \/* Weniger Abstand oben und unten *\/\n}\n\n\/* Elementor-Button Design *\/\n.elementor-button {\n    display: inline-flex;\n    align-items: center;\n    justify-content: center;\n    font-weight: bold;\n    text-decoration: none;\n    padding: 15px 30px; \/* Etwas kompaktere Gr\u00f6\u00dfe *\/\n    border-radius: 7px;\n    font-size: 16px;\n    background-color: #FF4880; \/* Prim\u00e4rfarbe *\/\n    color: #F9FAFA; \/* Schriftfarbe *\/\n    border: none;\n    cursor: pointer;\n    transition: background-color 0.3s ease-in-out;\n    text-transform: none !important; \/* Verhindert automatische Gro\u00dfschreibung *\/\n}\n\n\/* Sicherstellen, dass der Text wirklich klein geschrieben bleibt *\/\n.elementor-button-text {\n    text-transform: none !important; \/* Erzwingt die korrekte Schreibweise *\/\n    font-variant: normal !important; \/* Verhindert stilistische Variationen *\/\n    font-style: normal !important;\n}\n\n\/* Hover-Effekt *\/\n.elementor-button:hover {\n    background-color: #271344; \/* Hover-Farbe *\/\n}\n<\/style>\n\t\t\t\t<\/div>\n\t\t\t\t<\/div>\n\t\t\t\t<div class=\"elementor-element elementor-element-8988d59 elementor-widget elementor-widget-spacer\" data-id=\"8988d59\" data-element_type=\"widget\" data-e-type=\"widget\" data-widget_type=\"spacer.default\">\n\t\t\t\t<div class=\"elementor-widget-container\">\n\t\t\t\t\t\t\t<div class=\"elementor-spacer\">\n\t\t\t<div class=\"elementor-spacer-inner\"><\/div>\n\t\t<\/div>\n\t\t\t\t\t\t<\/div>\n\t\t\t\t<\/div>\n\t\t            <\/div>\r\n        <\/div>\r\n        \t\t\t<\/div>\r\n\t\t<\/section>\r\n\t\t\t\t<section class=\"elementor-section elementor-top-section elementor-element elementor-element-6006310 elementor-section-stretched bg-video-section elementor-section-boxed elementor-section-height-default elementor-section-height-default\" data-id=\"6006310\" data-element_type=\"section\" data-e-type=\"section\" data-settings=\"{&quot;stretch_section&quot;:&quot;section-stretched&quot;,&quot;background_background&quot;:&quot;video&quot;,&quot;background_video_link&quot;:&quot;https:\\\/\\\/www.youtube.com\\\/watch?v=06mfpb-2LxY&quot;,&quot;background_video_start&quot;:54,&quot;background_video_end&quot;:74,&quot;background_play_on_mobile&quot;:&quot;yes&quot;}\">\r\n\t\t\t\t\t\t\t\t<div class=\"elementor-background-video-container\">\r\n\t\t\t\t\t\t\t\t\t\t\t\t\t<div class=\"elementor-background-video-embed\"><\/div>\r\n\t\t\t\t\t\t\t\t\t\t\t\t<\/div>\r\n\t\t\t\t\t\t\t\t\t<div class=\"elementor-background-overlay\"><\/div>\r\n\t\t\t\t\t\t\t<div class=\"elementor-container elementor-column-gap-default\" >\r\n\t\t\t        <div class=\"elementor-column elementor-col-100 elementor-top-column elementor-element elementor-element-0d57ac0\" data-id=\"0d57ac0\" data-element_type=\"column\" data-e-type=\"column\">\r\n            <div class=\"elementor-widget-wrap elementor-element-populated\">\r\n                \t\t<div class=\"elementor-element elementor-element-baa923a elementor-widget elementor-widget-cms_heading\" data-id=\"baa923a\" data-element_type=\"widget\" data-e-type=\"widget\" data-widget_type=\"cms_heading.default\">\n\t\t\t\t<div class=\"elementor-widget-container\">\n\t\t\t\t\t<div class=\"cms-heading-wrapper cms-heading-layout1\">\r\n            <div class=\"custom-subheading\">Ofrecemos a tu hijo\/a...<\/div>\r\n    \r\n            <h3 class=\"custom-heading\">\r\n            <span                 >\r\n                ...un cuidado de 4 a 5 d\u00edas a la semana, de 7:00 a 18:30 horas<\/span>\r\n        <\/h3>\r\n        \r\n    <\/div>\t\t\t\t<\/div>\n\t\t\t\t<\/div>\n\t\t            <\/div>\r\n        <\/div>\r\n        \t\t\t<\/div>\r\n\t\t<\/section>\r\n\t\t\t\t<section class=\"elementor-section elementor-top-section elementor-element elementor-element-b362337 elementor-section-boxed elementor-section-height-default elementor-section-height-default\" data-id=\"b362337\" data-element_type=\"section\" data-e-type=\"section\">\r\n\t\t\t\t\t\t<div class=\"elementor-container elementor-column-gap-default\" >\r\n\t\t\t        <div class=\"elementor-column elementor-col-100 elementor-top-column elementor-element elementor-element-b0ce49d\" data-id=\"b0ce49d\" data-element_type=\"column\" data-e-type=\"column\">\r\n            <div class=\"elementor-widget-wrap elementor-element-populated\">\r\n                \t\t<div class=\"elementor-element elementor-element-25f444b elementor-widget elementor-widget-spacer\" data-id=\"25f444b\" data-element_type=\"widget\" data-e-type=\"widget\" data-widget_type=\"spacer.default\">\n\t\t\t\t<div class=\"elementor-widget-container\">\n\t\t\t\t\t\t\t<div class=\"elementor-spacer\">\n\t\t\t<div class=\"elementor-spacer-inner\"><\/div>\n\t\t<\/div>\n\t\t\t\t\t\t<\/div>\n\t\t\t\t<\/div>\n\t\t\t\t<div class=\"elementor-element elementor-element-ca13528 elementor-widget elementor-widget-cms_heading\" data-id=\"ca13528\" data-element_type=\"widget\" data-e-type=\"widget\" data-widget_type=\"cms_heading.default\">\n\t\t\t\t<div class=\"elementor-widget-container\">\n\t\t\t\t\t<div class=\"cms-heading-wrapper cms-heading-layout1 wow fadeInDown\">\r\n            <div class=\"custom-subheading\">Lo que dicen las familias sobre nosotros<\/div>\r\n    \r\n            <h3 class=\"custom-heading\">\r\n            <span                 >\r\n                Testimonios<\/span>\r\n        <\/h3>\r\n        \r\n            <div class=\"custom-heading-description\">\r\n            Descubre c\u00f3mo otras familias viven la experiencia de la escuela infantil Pasitos:        <\/div>\r\n    <\/div>\t\t\t\t<\/div>\n\t\t\t\t<\/div>\n\t\t\t\t<div class=\"elementor-element elementor-element-2dec238 elementor-widget elementor-widget-cms_image_single\" data-id=\"2dec238\" data-element_type=\"widget\" data-e-type=\"widget\" data-widget_type=\"cms_image_single.default\">\n\t\t\t\t<div class=\"elementor-widget-container\">\n\t\t\t\t\t<div class=\"cms-image-single animation-none wow flash\">\r\n            <div class=\"cms-img-box\">\r\n                            <img loading=\"lazy\" decoding=\"async\" width=\"99\" height=\"23\" src=\"https:\/\/www.kindergartenpasitos.ch\/wp-content\/uploads\/2020\/08\/image-bee.png\" class=\"attachment-full size-full wp-image-849\" alt=\"Kindori\" \/>                    <\/div>\r\n    <\/div>\t\t\t\t<\/div>\n\t\t\t\t<\/div>\n\t\t\t\t<div class=\"elementor-element elementor-element-8416500 elementor-skin-coverflow elementor-arrows-yes elementor-pagination-type-bullets elementor-pagination-position-outside elementor-widget elementor-widget-media-carousel\" data-id=\"8416500\" data-element_type=\"widget\" data-e-type=\"widget\" data-settings=\"{&quot;skin&quot;:&quot;coverflow&quot;,&quot;show_arrows&quot;:&quot;yes&quot;,&quot;pagination&quot;:&quot;bullets&quot;,&quot;speed&quot;:500,&quot;autoplay&quot;:&quot;yes&quot;,&quot;autoplay_speed&quot;:5000,&quot;loop&quot;:&quot;yes&quot;,&quot;pause_on_hover&quot;:&quot;yes&quot;,&quot;pause_on_interaction&quot;:&quot;yes&quot;,&quot;space_between&quot;:{&quot;unit&quot;:&quot;px&quot;,&quot;size&quot;:10,&quot;sizes&quot;:[]},&quot;space_between_tablet&quot;:{&quot;unit&quot;:&quot;px&quot;,&quot;size&quot;:10,&quot;sizes&quot;:[]},&quot;space_between_mobile&quot;:{&quot;unit&quot;:&quot;px&quot;,&quot;size&quot;:10,&quot;sizes&quot;:[]}}\" data-widget_type=\"media-carousel.default\">\n\t\t\t\t<div class=\"elementor-widget-container\">\n\t\t\t\t\t\t\t\t\t<div class=\"elementor-swiper\">\n\t\t\t\t\t<div class=\"elementor-main-swiper swiper\" role=\"region\" aria-roledescription=\"carousel\" aria-label=\"Deslizador\">\n\t\t\t\t<div class=\"swiper-wrapper\">\n\t\t\t\t\t\t\t\t\t\t\t<div class=\"swiper-slide\" role=\"group\" aria-roledescription=\"slide\">\n\t\t\t\t\t\t\t<a href=\"https:\/\/www.kindergartenpasitos.ch\/wp-content\/uploads\/2024\/12\/Kindergarten-Pasitos-Zuerich-Testimonial-4.0.webp\" data-elementor-open-lightbox=\"yes\" data-elementor-lightbox-slideshow=\"8416500\" data-elementor-lightbox-title=\"Zufriedene Eltern im Kindergarten Pasitos Z\u00fcrich\" data-elementor-lightbox-description=\"\u201eDas Bild zeigt eine l\u00e4chelnde Mutter, die ihre Zufriedenheit mit der Betreuung und F\u00f6rderung ihres Kindes im Kindergarten Pasitos in Z\u00fcrich ausdr\u00fcckt. Der Kindergarten Pasitos wird von Eltern wegen seiner hochwertigen Betreuung und kindgerechten Lernmethoden gesch\u00e4tzt.\u201c\" data-e-action-hash=\"#elementor-action%3Aaction%3Dlightbox%26settings%3DeyJpZCI6NTI3MywidXJsIjoiaHR0cHM6XC9cL3d3dy5raW5kZXJnYXJ0ZW5wYXNpdG9zLmNoXC93cC1jb250ZW50XC91cGxvYWRzXC8yMDI0XC8xMlwvS2luZGVyZ2FydGVuLVBhc2l0b3MtWnVlcmljaC1UZXN0aW1vbmlhbC00LjAud2VicCIsInNsaWRlc2hvdyI6Ijg0MTY1MDAifQ%3D%3D\" data-elementor-lightbox-video=\"https:\/\/www.youtube.com\/embed\/v2raM0z81hM?feature=oembed&amp;autoplay=1&amp;rel=0&amp;controls=0\">\t\t<div class=\"elementor-carousel-image\" role=\"img\" aria-label=\"Una madre sonriente valora positivamente la guarder\u00eda Pasitos de Z\u00farich.\" style=\"background-image: url(&#039;https:\/\/www.kindergartenpasitos.ch\/wp-content\/uploads\/2024\/12\/Kindergarten-Pasitos-Zuerich-Testimonial-4.0.webp&#039;)\">\n\n\t\t\t\n\t\t\t\t\t\t\t<div class=\"elementor-custom-embed-play\">\n\t\t\t\t\t<i aria-hidden=\"true\" class=\"eicon-play\"><\/i>\t\t\t\t\t<span class=\"elementor-screen-only\" data-no-translation=\"\" data-trp-gettext=\"\">Reproducir<\/span>\n\t\t\t\t<\/div>\n\t\t\t\t\t<\/div>\n\t\t<\/a>\t\t\t\t\t\t<\/div>\n\t\t\t\t\t\t\t\t\t\t\t<div class=\"swiper-slide\" role=\"group\" aria-roledescription=\"slide\">\n\t\t\t\t\t\t\t<a href=\"https:\/\/www.kindergartenpasitos.ch\/wp-content\/uploads\/2025\/01\/Kindergarten-Pasitos-Feedback-von-einer-gluecklichen-Mutter-scaled.webp\" data-elementor-open-lightbox=\"yes\" data-elementor-lightbox-slideshow=\"8416500\" data-elementor-lightbox-title=\"Kindergarten-Pasitos-Feedback-von-einer-gl\u00fccklichen-Mutter\" data-elementor-lightbox-description=\"\u201eDas Bild zeigt eine zufriedene Mutter im Kindergarten Pasitos in Z\u00fcrich. Sie hebt die ausgezeichnete Betreuung, die professionelle F\u00f6rderung und die warmherzige Atmosph\u00e4re hervor, die ihr Kind im Kindergarten Pasitos erlebt.\u201c\" data-e-action-hash=\"#elementor-action%3Aaction%3Dlightbox%26settings%3DeyJpZCI6NTc3MywidXJsIjoiaHR0cHM6XC9cL3d3dy5raW5kZXJnYXJ0ZW5wYXNpdG9zLmNoXC93cC1jb250ZW50XC91cGxvYWRzXC8yMDI1XC8wMVwvS2luZGVyZ2FydGVuLVBhc2l0b3MtRmVlZGJhY2stdm9uLWVpbmVyLWdsdWVja2xpY2hlbi1NdXR0ZXItc2NhbGVkLndlYnAiLCJzbGlkZXNob3ciOiI4NDE2NTAwIn0%3D\" data-elementor-lightbox-video=\"https:\/\/www.youtube.com\/embed\/ZsC2QNHXR_4?feature=oembed&amp;autoplay=1&amp;rel=0&amp;controls=0\">\t\t<div class=\"elementor-carousel-image\" role=\"img\" aria-label=\"&quot;Una madre sonr\u00ede y comparte su experiencia positiva con la guarder\u00eda Pasitos de Z\u00farich&quot;.\" style=\"background-image: url(&#039;https:\/\/www.kindergartenpasitos.ch\/wp-content\/uploads\/2025\/01\/Kindergarten-Pasitos-Feedback-von-einer-gluecklichen-Mutter-scaled.webp&#039;)\">\n\n\t\t\t\n\t\t\t\t\t\t\t<div class=\"elementor-custom-embed-play\">\n\t\t\t\t\t<i aria-hidden=\"true\" class=\"eicon-play\"><\/i>\t\t\t\t\t<span class=\"elementor-screen-only\" data-no-translation=\"\" data-trp-gettext=\"\">Reproducir<\/span>\n\t\t\t\t<\/div>\n\t\t\t\t\t<\/div>\n\t\t<\/a>\t\t\t\t\t\t<\/div>\n\t\t\t\t\t\t\t\t\t\t\t<div class=\"swiper-slide\" role=\"group\" aria-roledescription=\"slide\">\n\t\t\t\t\t\t\t<a href=\"https:\/\/www.kindergartenpasitos.ch\/wp-content\/uploads\/2025\/01\/Elternfeedback-Kindergarten-Pasitos-in-Zuerich.webp\" data-elementor-open-lightbox=\"yes\" data-elementor-lightbox-slideshow=\"8416500\" data-elementor-lightbox-title=\"Elternfeedback Kindergarten Pasitos in Z\u00fcrich\" data-e-action-hash=\"#elementor-action%3Aaction%3Dlightbox%26settings%3DeyJpZCI6NTYzMCwidXJsIjoiaHR0cHM6XC9cL3d3dy5raW5kZXJnYXJ0ZW5wYXNpdG9zLmNoXC93cC1jb250ZW50XC91cGxvYWRzXC8yMDI1XC8wMVwvRWx0ZXJuZmVlZGJhY2stS2luZGVyZ2FydGVuLVBhc2l0b3MtaW4tWnVlcmljaC53ZWJwIiwic2xpZGVzaG93IjoiODQxNjUwMCJ9\" data-elementor-lightbox-video=\"https:\/\/www.youtube.com\/embed\/RN2OpF01IAM?feature=oembed&amp;autoplay=1&amp;rel=0&amp;controls=0\">\t\t<div class=\"elementor-carousel-image\" role=\"img\" aria-label=\"Opiniones de los padres de la guarder\u00eda Pasitos de Z\u00farich\" style=\"background-image: url(&#039;https:\/\/www.kindergartenpasitos.ch\/wp-content\/uploads\/2025\/01\/Elternfeedback-Kindergarten-Pasitos-in-Zuerich.webp&#039;)\">\n\n\t\t\t\n\t\t\t\t\t\t\t<div class=\"elementor-custom-embed-play\">\n\t\t\t\t\t<i aria-hidden=\"true\" class=\"eicon-play\"><\/i>\t\t\t\t\t<span class=\"elementor-screen-only\" data-no-translation=\"\" data-trp-gettext=\"\">Reproducir<\/span>\n\t\t\t\t<\/div>\n\t\t\t\t\t<\/div>\n\t\t<\/a>\t\t\t\t\t\t<\/div>\n\t\t\t\t\t\t\t\t\t\t\t<div class=\"swiper-slide\" role=\"group\" aria-roledescription=\"slide\">\n\t\t\t\t\t\t\t<a href=\"https:\/\/www.kindergartenpasitos.ch\/wp-content\/uploads\/2025\/01\/Kindergarten-Pasitos-Feedback-von-einem-Vater.webp\" data-elementor-open-lightbox=\"yes\" data-elementor-lightbox-slideshow=\"8416500\" data-elementor-lightbox-title=\"Kindergarten Pasitos Feedback von einem Vater\" data-e-action-hash=\"#elementor-action%3Aaction%3Dlightbox%26settings%3DeyJpZCI6NTc1OSwidXJsIjoiaHR0cHM6XC9cL3d3dy5raW5kZXJnYXJ0ZW5wYXNpdG9zLmNoXC93cC1jb250ZW50XC91cGxvYWRzXC8yMDI1XC8wMVwvS2luZGVyZ2FydGVuLVBhc2l0b3MtRmVlZGJhY2stdm9uLWVpbmVtLVZhdGVyLndlYnAiLCJzbGlkZXNob3ciOiI4NDE2NTAwIn0%3D\" data-elementor-lightbox-video=\"https:\/\/www.youtube.com\/embed\/CgMPMLvQ4_g?feature=oembed&amp;autoplay=1&amp;rel=0&amp;controls=0\">\t\t<div class=\"elementor-carousel-image\" role=\"img\" aria-label=\"Kindergarten Pasitos Comentarios de un padre\" style=\"background-image: url(&#039;https:\/\/www.kindergartenpasitos.ch\/wp-content\/uploads\/2025\/01\/Kindergarten-Pasitos-Feedback-von-einem-Vater.webp&#039;)\">\n\n\t\t\t\n\t\t\t\t\t\t\t<div class=\"elementor-custom-embed-play\">\n\t\t\t\t\t<i aria-hidden=\"true\" class=\"eicon-play\"><\/i>\t\t\t\t\t<span class=\"elementor-screen-only\" data-no-translation=\"\" data-trp-gettext=\"\">Reproducir<\/span>\n\t\t\t\t<\/div>\n\t\t\t\t\t<\/div>\n\t\t<\/a>\t\t\t\t\t\t<\/div>\n\t\t\t\t\t\t\t\t\t<\/div>\n\t\t\t\t\t\t\t\t\t\t\t\t\t\t\t<div class=\"elementor-swiper-button elementor-swiper-button-prev\" role=\"button\" tabindex=\"0\" aria-label=\"Anterior\" data-no-translation-aria-label=\"\">\n\t\t\t\t\t\t\t<i aria-hidden=\"true\" class=\"eicon-chevron-left\"><\/i>\t\t\t\t\t\t<\/div>\n\t\t\t\t\t\t<div class=\"elementor-swiper-button elementor-swiper-button-next\" role=\"button\" tabindex=\"0\" aria-label=\"Siguiente\" data-no-translation-aria-label=\"\">\n\t\t\t\t\t\t\t<i aria-hidden=\"true\" class=\"eicon-chevron-right\"><\/i>\t\t\t\t\t\t<\/div>\n\t\t\t\t\t\t\t\t\t\t\t\t\t\t\t\t<div class=\"swiper-pagination\"><\/div>\n\t\t\t\t\t\t\t\t\t\t\t\t<\/div>\n\t\t\t\t<\/div>\n\t\t\t\t\t\t\t\t<\/div>\n\t\t\t\t<\/div>\n\t\t            <\/div>\r\n        <\/div>\r\n        \t\t\t<\/div>\r\n\t\t<\/section>\r\n\t\t\t\t<\/div>","protected":false},"excerpt":{"rendered":"<p>Der perfekte Start f\u00fcr dein Kind 1. Kindergartenjahr Erstes Jahr Im ersten Kindergartenjahr bei Pasitos beginnt dein Kind ein spannendes neues Abenteuer. Es wird spielerisch an Deutsch und Spanisch herangef\u00fchrt und erlebt jeden Tag eine abwechslungsreiche Mischung aus Spass, Lernen und F\u00f6rderung. Unser strukturierter Stundenplan sorgt f\u00fcr eine ideale Balance zwischen Bildung und Bewegung, damit [&hellip;]<\/p>\n","protected":false},"author":1,"featured_media":5123,"parent":0,"menu_order":0,"comment_status":"closed","ping_status":"closed","template":"","meta":{"footnotes":""},"class_list":["post-14","page","type-page","status-publish","has-post-thumbnail","hentry"],"yoast_head":"<!-- This site is optimized with the Yoast SEO plugin v27.5 - https:\/\/yoast.com\/product\/yoast-seo-wordpress\/ -->\n<title>1. und 2. Kindergartenjahr - Kindergarten Pasitos in Z\u00fcrich<\/title>\n<meta name=\"description\" content=\"Das 1. und 2. Kindergartenjahr bei Pasitos in Z\u00fcrich: Dein Kind lernt spielerisch Deutsch und Spanisch und wird optimal begleitet.\" \/>\n<meta name=\"robots\" content=\"index, follow, max-snippet:-1, max-image-preview:large, max-video-preview:-1\" \/>\n<link rel=\"canonical\" href=\"https:\/\/www.kindergartenpasitos.ch\/es\/1-und-2-kindergartenjahr\/\" \/>\n<meta property=\"og:locale\" content=\"es_ES\" \/>\n<meta property=\"og:type\" content=\"article\" \/>\n<meta property=\"og:title\" content=\"1. und 2. Kindergartenjahr - Kindergarten Pasitos in Z\u00fcrich\" \/>\n<meta property=\"og:description\" content=\"Das 1. und 2. Kindergartenjahr bei Pasitos in Z\u00fcrich: Dein Kind lernt spielerisch Deutsch und Spanisch und wird optimal begleitet.\" \/>\n<meta property=\"og:url\" content=\"https:\/\/www.kindergartenpasitos.ch\/es\/1-und-2-kindergartenjahr\/\" \/>\n<meta property=\"og:site_name\" content=\"Kindergarten Pasitos in Z\u00fcrich\" \/>\n<meta property=\"article:publisher\" content=\"https:\/\/www.facebook.com\/StiftungPasitos19\/\" \/>\n<meta property=\"article:modified_time\" content=\"2025-05-08T09:51:43+00:00\" \/>\n<meta property=\"og:image\" content=\"https:\/\/www.kindergartenpasitos.ch\/wp-content\/uploads\/2024\/12\/Pasitos-Kindergarten-Kinder-am-basteln-scaled.webp\" \/>\n\t<meta property=\"og:image:width\" content=\"2560\" \/>\n\t<meta property=\"og:image:height\" content=\"1707\" \/>\n\t<meta property=\"og:image:type\" content=\"image\/webp\" \/>\n<meta name=\"twitter:card\" content=\"summary_large_image\" \/>\n<meta name=\"twitter:label1\" content=\"Tiempo de lectura\" \/>\n\t<meta name=\"twitter:data1\" content=\"3 minutos\" \/>\n<script type=\"application\/ld+json\" class=\"yoast-schema-graph\">{\"@context\":\"https:\\\/\\\/schema.org\",\"@graph\":[{\"@type\":\"WebPage\",\"@id\":\"https:\\\/\\\/www.kindergartenpasitos.ch\\\/1-und-2-kindergartenjahr\\\/\",\"url\":\"https:\\\/\\\/www.kindergartenpasitos.ch\\\/1-und-2-kindergartenjahr\\\/\",\"name\":\"1. und 2. Kindergartenjahr - Kindergarten Pasitos in Z\u00fcrich\",\"isPartOf\":{\"@id\":\"https:\\\/\\\/www.kindergartenpasitos.ch\\\/#website\"},\"primaryImageOfPage\":{\"@id\":\"https:\\\/\\\/www.kindergartenpasitos.ch\\\/1-und-2-kindergartenjahr\\\/#primaryimage\"},\"image\":{\"@id\":\"https:\\\/\\\/www.kindergartenpasitos.ch\\\/1-und-2-kindergartenjahr\\\/#primaryimage\"},\"thumbnailUrl\":\"https:\\\/\\\/www.kindergartenpasitos.ch\\\/wp-content\\\/uploads\\\/2024\\\/12\\\/Pasitos-Kindergarten-Kinder-am-basteln-scaled.webp\",\"datePublished\":\"2020-07-22T09:49:54+00:00\",\"dateModified\":\"2025-05-08T09:51:43+00:00\",\"description\":\"Das 1. und 2. Kindergartenjahr bei Pasitos in Z\u00fcrich: Dein Kind lernt spielerisch Deutsch und Spanisch und wird optimal begleitet.\",\"breadcrumb\":{\"@id\":\"https:\\\/\\\/www.kindergartenpasitos.ch\\\/1-und-2-kindergartenjahr\\\/#breadcrumb\"},\"inLanguage\":\"es\",\"potentialAction\":[{\"@type\":\"ReadAction\",\"target\":[\"https:\\\/\\\/www.kindergartenpasitos.ch\\\/1-und-2-kindergartenjahr\\\/\"]}]},{\"@type\":\"ImageObject\",\"inLanguage\":\"es\",\"@id\":\"https:\\\/\\\/www.kindergartenpasitos.ch\\\/1-und-2-kindergartenjahr\\\/#primaryimage\",\"url\":\"https:\\\/\\\/www.kindergartenpasitos.ch\\\/wp-content\\\/uploads\\\/2024\\\/12\\\/Pasitos-Kindergarten-Kinder-am-basteln-scaled.webp\",\"contentUrl\":\"https:\\\/\\\/www.kindergartenpasitos.ch\\\/wp-content\\\/uploads\\\/2024\\\/12\\\/Pasitos-Kindergarten-Kinder-am-basteln-scaled.webp\",\"width\":2560,\"height\":1707},{\"@type\":\"BreadcrumbList\",\"@id\":\"https:\\\/\\\/www.kindergartenpasitos.ch\\\/1-und-2-kindergartenjahr\\\/#breadcrumb\",\"itemListElement\":[{\"@type\":\"ListItem\",\"position\":1,\"name\":\"Startseite\",\"item\":\"https:\\\/\\\/www.kindergartenpasitos.ch\\\/\"},{\"@type\":\"ListItem\",\"position\":2,\"name\":\"1. und 2. Kindergartenjahr\"}]},{\"@type\":\"WebSite\",\"@id\":\"https:\\\/\\\/www.kindergartenpasitos.ch\\\/#website\",\"url\":\"https:\\\/\\\/www.kindergartenpasitos.ch\\\/\",\"name\":\"Kindergarten Pasitos in Z\u00fcrich\",\"description\":\"Pasitos \u2013 der zweisprachige private Kindergarten in Z\u00fcrich, in dem dein Kind spielerisch Deutsch und Spanisch lernt.\",\"publisher\":{\"@id\":\"https:\\\/\\\/www.kindergartenpasitos.ch\\\/#organization\"},\"potentialAction\":[{\"@type\":\"SearchAction\",\"target\":{\"@type\":\"EntryPoint\",\"urlTemplate\":\"https:\\\/\\\/www.kindergartenpasitos.ch\\\/?s={search_term_string}\"},\"query-input\":{\"@type\":\"PropertyValueSpecification\",\"valueRequired\":true,\"valueName\":\"search_term_string\"}}],\"inLanguage\":\"es\"},{\"@type\":\"Organization\",\"@id\":\"https:\\\/\\\/www.kindergartenpasitos.ch\\\/#organization\",\"name\":\"Kindergarten Pasitos in Z\u00fcrich\",\"url\":\"https:\\\/\\\/www.kindergartenpasitos.ch\\\/\",\"logo\":{\"@type\":\"ImageObject\",\"inLanguage\":\"es\",\"@id\":\"https:\\\/\\\/www.kindergartenpasitos.ch\\\/#\\\/schema\\\/logo\\\/image\\\/\",\"url\":\"https:\\\/\\\/www.kindergartenpasitos.ch\\\/wp-content\\\/uploads\\\/2025\\\/02\\\/Kindergarten-Pasitos-Logo-scaled.webp\",\"contentUrl\":\"https:\\\/\\\/www.kindergartenpasitos.ch\\\/wp-content\\\/uploads\\\/2025\\\/02\\\/Kindergarten-Pasitos-Logo-scaled.webp\",\"width\":2560,\"height\":2560,\"caption\":\"Kindergarten Pasitos in Z\u00fcrich\"},\"image\":{\"@id\":\"https:\\\/\\\/www.kindergartenpasitos.ch\\\/#\\\/schema\\\/logo\\\/image\\\/\"},\"sameAs\":[\"https:\\\/\\\/www.facebook.com\\\/StiftungPasitos19\\\/\",\"https:\\\/\\\/www.tiktok.com\\\/@stiftungpasitos?is_from_webapp=1&sender_device=pc\",\"https:\\\/\\\/www.youtube.com\\\/@StiftungPASITOSKindergarten\",\"https:\\\/\\\/www.instagram.com\\\/stiftungpasitos\\\/\"]}]}<\/script>\n<!-- \/ Yoast SEO plugin. -->","yoast_head_json":{"title":"1. und 2. Kindergartenjahr - Kindergarten Pasitos in Z\u00fcrich","description":"Das 1. und 2. Kindergartenjahr bei Pasitos in Z\u00fcrich: Dein Kind lernt spielerisch Deutsch und Spanisch und wird optimal begleitet.","robots":{"index":"index","follow":"follow","max-snippet":"max-snippet:-1","max-image-preview":"max-image-preview:large","max-video-preview":"max-video-preview:-1"},"canonical":"https:\/\/www.kindergartenpasitos.ch\/es\/1-und-2-kindergartenjahr\/","og_locale":"es_ES","og_type":"article","og_title":"1. und 2. Kindergartenjahr - Kindergarten Pasitos in Z\u00fcrich","og_description":"Das 1. und 2. Kindergartenjahr bei Pasitos in Z\u00fcrich: Dein Kind lernt spielerisch Deutsch und Spanisch und wird optimal begleitet.","og_url":"https:\/\/www.kindergartenpasitos.ch\/es\/1-und-2-kindergartenjahr\/","og_site_name":"Kindergarten Pasitos in Z\u00fcrich","article_publisher":"https:\/\/www.facebook.com\/StiftungPasitos19\/","article_modified_time":"2025-05-08T09:51:43+00:00","og_image":[{"width":2560,"height":1707,"url":"https:\/\/www.kindergartenpasitos.ch\/wp-content\/uploads\/2024\/12\/Pasitos-Kindergarten-Kinder-am-basteln-scaled.webp","type":"image\/webp"}],"twitter_card":"summary_large_image","twitter_misc":{"Tiempo de lectura":"3 minutos"},"schema":{"@context":"https:\/\/schema.org","@graph":[{"@type":"WebPage","@id":"https:\/\/www.kindergartenpasitos.ch\/1-und-2-kindergartenjahr\/","url":"https:\/\/www.kindergartenpasitos.ch\/1-und-2-kindergartenjahr\/","name":"1. und 2. Kindergartenjahr - Kindergarten Pasitos in Z\u00fcrich","isPartOf":{"@id":"https:\/\/www.kindergartenpasitos.ch\/#website"},"primaryImageOfPage":{"@id":"https:\/\/www.kindergartenpasitos.ch\/1-und-2-kindergartenjahr\/#primaryimage"},"image":{"@id":"https:\/\/www.kindergartenpasitos.ch\/1-und-2-kindergartenjahr\/#primaryimage"},"thumbnailUrl":"https:\/\/www.kindergartenpasitos.ch\/wp-content\/uploads\/2024\/12\/Pasitos-Kindergarten-Kinder-am-basteln-scaled.webp","datePublished":"2020-07-22T09:49:54+00:00","dateModified":"2025-05-08T09:51:43+00:00","description":"Das 1. und 2. Kindergartenjahr bei Pasitos in Z\u00fcrich: Dein Kind lernt spielerisch Deutsch und Spanisch und wird optimal begleitet.","breadcrumb":{"@id":"https:\/\/www.kindergartenpasitos.ch\/1-und-2-kindergartenjahr\/#breadcrumb"},"inLanguage":"es","potentialAction":[{"@type":"ReadAction","target":["https:\/\/www.kindergartenpasitos.ch\/1-und-2-kindergartenjahr\/"]}]},{"@type":"ImageObject","inLanguage":"es","@id":"https:\/\/www.kindergartenpasitos.ch\/1-und-2-kindergartenjahr\/#primaryimage","url":"https:\/\/www.kindergartenpasitos.ch\/wp-content\/uploads\/2024\/12\/Pasitos-Kindergarten-Kinder-am-basteln-scaled.webp","contentUrl":"https:\/\/www.kindergartenpasitos.ch\/wp-content\/uploads\/2024\/12\/Pasitos-Kindergarten-Kinder-am-basteln-scaled.webp","width":2560,"height":1707},{"@type":"BreadcrumbList","@id":"https:\/\/www.kindergartenpasitos.ch\/1-und-2-kindergartenjahr\/#breadcrumb","itemListElement":[{"@type":"ListItem","position":1,"name":"Startseite","item":"https:\/\/www.kindergartenpasitos.ch\/"},{"@type":"ListItem","position":2,"name":"1. und 2. Kindergartenjahr"}]},{"@type":"WebSite","@id":"https:\/\/www.kindergartenpasitos.ch\/#website","url":"https:\/\/www.kindergartenpasitos.ch\/","name":"Jard\u00edn de infancia Pasitos en Z\u00farich","description":"Pasitos \u2013 der zweisprachige private Kindergarten in Z\u00fcrich, in dem dein Kind spielerisch Deutsch und Spanisch lernt.","publisher":{"@id":"https:\/\/www.kindergartenpasitos.ch\/#organization"},"potentialAction":[{"@type":"SearchAction","target":{"@type":"EntryPoint","urlTemplate":"https:\/\/www.kindergartenpasitos.ch\/?s={search_term_string}"},"query-input":{"@type":"PropertyValueSpecification","valueRequired":true,"valueName":"search_term_string"}}],"inLanguage":"es"},{"@type":"Organization","@id":"https:\/\/www.kindergartenpasitos.ch\/#organization","name":"Jard\u00edn de infancia Pasitos en Z\u00farich","url":"https:\/\/www.kindergartenpasitos.ch\/","logo":{"@type":"ImageObject","inLanguage":"es","@id":"https:\/\/www.kindergartenpasitos.ch\/#\/schema\/logo\/image\/","url":"https:\/\/www.kindergartenpasitos.ch\/wp-content\/uploads\/2025\/02\/Kindergarten-Pasitos-Logo-scaled.webp","contentUrl":"https:\/\/www.kindergartenpasitos.ch\/wp-content\/uploads\/2025\/02\/Kindergarten-Pasitos-Logo-scaled.webp","width":2560,"height":2560,"caption":"Kindergarten Pasitos in Z\u00fcrich"},"image":{"@id":"https:\/\/www.kindergartenpasitos.ch\/#\/schema\/logo\/image\/"},"sameAs":["https:\/\/www.facebook.com\/StiftungPasitos19\/","https:\/\/www.tiktok.com\/@stiftungpasitos?is_from_webapp=1&sender_device=pc","https:\/\/www.youtube.com\/@StiftungPASITOSKindergarten","https:\/\/www.instagram.com\/stiftungpasitos\/"]}]}},"_links":{"self":[{"href":"https:\/\/www.kindergartenpasitos.ch\/es\/wp-json\/wp\/v2\/pages\/14","targetHints":{"allow":["GET"]}}],"collection":[{"href":"https:\/\/www.kindergartenpasitos.ch\/es\/wp-json\/wp\/v2\/pages"}],"about":[{"href":"https:\/\/www.kindergartenpasitos.ch\/es\/wp-json\/wp\/v2\/types\/page"}],"author":[{"embeddable":true,"href":"https:\/\/www.kindergartenpasitos.ch\/es\/wp-json\/wp\/v2\/users\/1"}],"replies":[{"embeddable":true,"href":"https:\/\/www.kindergartenpasitos.ch\/es\/wp-json\/wp\/v2\/comments?post=14"}],"version-history":[{"count":176,"href":"https:\/\/www.kindergartenpasitos.ch\/es\/wp-json\/wp\/v2\/pages\/14\/revisions"}],"predecessor-version":[{"id":7171,"href":"https:\/\/www.kindergartenpasitos.ch\/es\/wp-json\/wp\/v2\/pages\/14\/revisions\/7171"}],"wp:featuredmedia":[{"embeddable":true,"href":"https:\/\/www.kindergartenpasitos.ch\/es\/wp-json\/wp\/v2\/media\/5123"}],"wp:attachment":[{"href":"https:\/\/www.kindergartenpasitos.ch\/es\/wp-json\/wp\/v2\/media?parent=14"}],"curies":[{"name":"wp","href":"https:\/\/api.w.org\/{rel}","templated":true}]}}