{"id":3203,"date":"2020-11-10T14:38:41","date_gmt":"2020-11-10T14:38:41","guid":{"rendered":"https:\/\/demo.cmssuperheroes.com\/themeforest\/kindori\/checkout\/"},"modified":"2025-02-10T21:19:38","modified_gmt":"2025-02-10T20:19:38","slug":"datenschutzerklaerung","status":"publish","type":"page","link":"https:\/\/www.kindergartenpasitos.ch\/es\/datenschutzerklaerung\/","title":{"rendered":"Datenschutzerkl\u00e4rung"},"content":{"rendered":"<div data-elementor-type=\"wp-page\" data-elementor-id=\"3203\" class=\"elementor elementor-3203\" data-elementor-post-type=\"page\">\n\t\t\t\t\t\t<section class=\"elementor-section elementor-top-section elementor-element elementor-element-3aa5f990 elementor-section-boxed elementor-section-height-default elementor-section-height-default\" data-id=\"3aa5f990\" data-element_type=\"section\" data-e-type=\"section\">\r\n\t\t\t\t\t\t<div class=\"elementor-container elementor-column-gap-default\" >\r\n\t\t\t        <div class=\"elementor-column elementor-col-100 elementor-top-column elementor-element elementor-element-68ccb794\" data-id=\"68ccb794\" data-element_type=\"column\" data-e-type=\"column\">\r\n            <div class=\"elementor-widget-wrap elementor-element-populated\">\r\n                \t\t<div class=\"elementor-element elementor-element-5b50d36 elementor-widget__width-initial elementor-widget elementor-widget-text-editor\" data-id=\"5b50d36\" data-element_type=\"widget\" data-e-type=\"widget\" data-widget_type=\"text-editor.default\">\n\t\t\t\t<div class=\"elementor-widget-container\">\n\t\t\t\t\t\t\t\t\t<h3>Datenschutzerkl\u00e4rung<\/h3><p><strong>1. Datenschutz auf einen Blick<\/strong><\/p><p><strong>Allgemeine Hinweise<\/strong><br \/>Die folgenden Hinweise geben einen einfachen \u00dcberblick dar\u00fcber, was mit Ihren personenbezogenen Daten<br \/>passiert, wenn Sie diese Website besuchen. Personenbezogene Daten sind alle Daten, mit denen Sie<br \/>pers\u00f6nlich identifiziert werden k\u00f6nnen. Ausf\u00fchrliche Informationen zum Thema Datenschutz entnehmen<br \/>Sie unserer unter diesem Text aufgef\u00fchrten Datenschutzerkl\u00e4rung.<\/p><p><strong>D<\/strong><b>atenerfassung auf dieser Website<\/b><br \/>Wer ist verantwortlich f\u00fcr die Datenerfassung auf dieser Website?<br \/>Die Datenverarbeitung auf dieser Website erfolgt durch den Websitebetreiber. Dessen Kontaktdaten<br \/>k\u00f6nnen Sie dem Abschnitt \u201eHinweis zur Verantwortlichen Stelle\u201c in dieser Datenschutzerkl\u00e4rung entnehmen.<\/p><p><strong>Wie erfassen wir Ihre Daten?<br \/><\/strong>Ihre Daten werden zum einen dadurch erhoben, dass Sie uns diese mitteilen. Hierbei kann es sich z. B. um<br \/>Daten handeln, die Sie in ein Kontaktformular eingeben.<br \/>Andere Daten werden automatisch oder nach Ihrer Einwilligung beim Besuch der Website durch unsere IT-<br \/>Systeme erfasst. Das sind vor allem technische Daten (z. B. Internetbrowser, Betriebssystem oder Uhrzeit<br \/>des Seitenaufrufs). Die Erfassung dieser Daten erfolgt automatisch, sobald Sie diese Website betreten.<\/p><p><strong>Wof\u00fcr nutzen wir Ihre Daten?<br \/><\/strong>Ein Teil der Daten wird erhoben, um eine fehlerfreie Bereitstellung der Website zu gew\u00e4hrleisten. Andere<br \/>Daten k\u00f6nnen zur Analyse Ihres Nutzerverhaltens verwendet werden. Sofern \u00fcber die Website Vertr\u00e4ge<br \/>geschlossen oder angebahnt werden k\u00f6nnen, werden die \u00fcbermittelten Daten auch f\u00fcr Vertragsangebote,<br \/>Bestellungen oder sonstige Auftragsanfragen verarbeitet.<\/p><p><strong>Welche Rechte haben Sie bez\u00fcglich Ihrer Daten?<br \/><\/strong>Sie haben jederzeit das Recht, unentgeltlich Auskunft \u00fcber Herkunft, Empf\u00e4nger und Zweck Ihrer<br \/>gespeicherten personenbezogenen Daten zu erhalten. Sie haben au\u00dferdem ein Recht, die Berichtigung oder<br \/>L\u00f6schung dieser Daten zu verlangen. Wenn Sie eine Einwilligung zur Datenverarbeitung erteilt haben,<br \/>k\u00f6nnen Sie diese Einwilligung jederzeit f\u00fcr die Zukunft widerrufen. Au\u00dferdem haben Sie das Recht, unter<br \/>bestimmten Umst\u00e4nden die Einschr\u00e4nkung der Verarbeitung Ihrer personenbezogenen Daten zu verlangen.<br \/>Des Weiteren steht Ihnen ein Beschwerderecht bei der zust\u00e4ndigen Aufsichtsbeh\u00f6rde zu.<br \/>Hierzu sowie zu weiteren Fragen zum Thema Datenschutz k\u00f6nnen Sie sich jederzeit an uns wenden.<\/p><p><strong>Analyse-Tools und Tools von Drittanbietern<br \/><\/strong>Beim Besuch dieser Website kann Ihr Surf-Verhalten statistisch ausgewertet werden. Das geschieht vor<br \/>allem mit sogenannten Analyseprogrammen.<br \/>Detaillierte Informationen zu diesen Analyseprogrammen finden Sie in der folgenden<br \/>Datenschutzerkl\u00e4rung.<\/p><p><strong>2. Hosting<\/strong><\/p><p>Wir hosten die Inhalte unserer Website bei folgendem Anbieter:<\/p><p><b>Externes Hosting<br \/><\/b><span style=\"color: var( --e-global-color-text ); font-family: inherit; letter-spacing: 0px;\"><span style=\"font-weight: inherit;\">Diese Website wird extern gehostet. Die personenbezogenen Daten, die auf dieser Website erfasst werden,werden auf den Servern des Hosters \/ der Hoster gespeichert. Hierbei kann es sich v. a. um IP-Adressen,Kontaktanfragen, Meta- und Kommunikationsdaten, Vertragsdaten, Kontaktdaten, Namen, Websitezugriffe <\/span><\/span><span style=\"color: var( --e-global-color-text ); font-family: inherit; font-weight: inherit; letter-spacing: 0px;\">und sonstige Daten, die \u00fcber eine Website generiert werden, handeln.\u00a0<\/span><span style=\"color: var( --e-global-color-text ); font-family: inherit; font-weight: inherit; letter-spacing: 0px;\">Das externe Hosting erfolgt zum Zwecke der Vertragserf\u00fcllung gegen\u00fcber unseren potenziellen und bestehenden Kunden (Art. 6 Abs. 1 lit. b DSGVO) und im Interesse einer sicheren, schnellen und effizienten Bereitstellung unseres Online-Angebots durch einen professionellen Anbieter (Art. 6 Abs. 1 lit. f DSGVO).Sofern eine entsprechende Einwilligung abgefragt wurde, erfolgt die Verarbeitung ausschlie\u00dflich auf Grundlage von Art. 6 Abs. 1 lit. a DSGVO und \u00a7 25 Abs. 1 TDDDG, soweit die Einwilligung die Speicherung\u00a0<\/span><span style=\"color: var( --e-global-color-text ); font-family: inherit; font-weight: inherit; letter-spacing: 0px;\">von Cookies oder den Zugriff auf Informationen im Endger\u00e4t des Nutzers (z. B. Device-Fingerprinting) im Sinne des TDDDG umfasst. Die Einwilligung ist jederzeit widerrufbar.\u00a0<\/span><span style=\"color: var( --e-global-color-text ); font-family: inherit; font-weight: inherit; letter-spacing: 0px;\">Unser(e) Hoster wird bzw. werden Ihre Daten nur insoweit verarbeiten, wie dies zur Erf\u00fcllung seiner Leistungspflichten erforderlich ist und unsere Weisungen in Bezug auf diese Daten befolgen.<\/span><\/p><p><strong>Wir setzen folgende(n) Hoster ein:<br \/><br \/><\/strong><strong>cyon GmbH<br \/>Brunng\u00e4sslein 12<br \/>CH-4052 Basel<br \/>Schweiz<\/strong><\/p><p><strong>Auftragsverarbeitung<br \/><\/strong>Wir haben einen Vertrag \u00fcber Auftragsverarbeitung (AVV) zur Nutzung des oben genannten Dienstes<br \/>geschlossen. Hierbei handelt es sich um einen datenschutzrechtlich vorgeschriebenen Vertrag, der<br \/>gew\u00e4hrleistet, dass dieser die personenbezogenen Daten unserer Websitebesucher nur nach unseren<br \/>Weisungen und unter Einhaltung der DSGVO verarbeitet.<\/p><p><strong>3. Allgemeine Hinweise und Pflichtinformationen<\/strong><\/p><p><strong>Protecci\u00f3n de datos<br \/><\/strong>Die Betreiber dieser Seiten nehmen den Schutz Ihrer pers\u00f6nlichen Daten sehr ernst. Wir behandeln Ihre<br \/>personenbezogenen Daten vertraulich und entsprechend den gesetzlichen Datenschutzvorschriften sowie<br \/>dieser Datenschutzerkl\u00e4rung.<br \/>Wenn Sie diese Website benutzen, werden verschiedene personenbezogene Daten erhoben.<br \/>Personenbezogene Daten sind Daten, mit denen Sie pers\u00f6nlich identifiziert werden k\u00f6nnen. Die vorliegende<br \/>Datenschutzerkl\u00e4rung erl\u00e4utert, welche Daten wir erheben und wof\u00fcr wir sie nutzen. Sie erl\u00e4utert auch, wie<br \/>und zu welchem Zweck das geschieht.<br \/>Wir weisen darauf hin, dass die Daten\u00fcbertragung im Internet (z. B. bei der Kommunikation per E-Mail)<br \/>Sicherheitsl\u00fccken aufweisen kann. Ein l\u00fcckenloser Schutz der Daten vor dem Zugriff durch Dritte ist nicht<br \/>m\u00f6glich.<\/p><p><strong>Hinweis zur verantwortlichen Stelle<br \/><\/strong>Die verantwortliche Stelle f\u00fcr die Datenverarbeitung auf dieser Website ist:<\/p><p>Simon Vischer<br \/>Telefon: 044 281 12 40<br \/>E-Mail: simon.vischer@guarderia.ch<\/p><p>Verantwortliche Stelle ist die nat\u00fcrliche oder juristische Person, die allein oder gemeinsam mit anderen \u00fcber<br \/>die Zwecke und Mittel der Verarbeitung von personenbezogenen Daten (z. B. Namen, E-Mail-Adressen o. \u00c4.)<br \/>entscheidet.<\/p><p><strong>Speicherdauer<br \/><\/strong>Soweit innerhalb dieser Datenschutzerkl\u00e4rung keine speziellere Speicherdauer genannt wurde, verbleiben<br \/>Ihre personenbezogenen Daten bei uns, bis der Zweck f\u00fcr die Datenverarbeitung entf\u00e4llt. Wenn Sie ein<br \/>berechtigtes L\u00f6schersuchen geltend machen oder eine Einwilligung zur Datenverarbeitung widerrufen,<br \/>werden Ihre Daten gel\u00f6scht, sofern wir keine anderen rechtlich zul\u00e4ssigen Gr\u00fcnde f\u00fcr die Speicherung Ihrer<br \/>personenbezogenen Daten haben (z. B. steuer- oder handelsrechtliche Aufbewahrungsfristen); im<br \/>letztgenannten Fall erfolgt die L\u00f6schung nach Fortfall dieser Gr\u00fcnde.<\/p><p><strong>Allgemeine Hinweise zu den Rechtsgrundlagen der Datenverarbeitung auf dieser Website<br \/><\/strong>Sofern Sie in die Datenverarbeitung eingewilligt haben, verarbeiten wir Ihre personenbezogenen Daten auf<br \/>Grundlage von Art. 6 Abs. 1 lit. a DSGVO bzw. Art. 9 Abs. 2 lit. a DSGVO, sofern besondere Datenkategorien<br \/>nach Art. 9 Abs. 1 DSGVO verarbeitet werden. Im Falle einer ausdr\u00fccklichen Einwilligung in die \u00dcbertragung<br \/>personenbezogener Daten in Drittstaaten erfolgt die Datenverarbeitung au\u00dferdem auf Grundlage von Art.<br \/>49 Abs. 1 lit. a DSGVO. Sofern Sie in die Speicherung von Cookies oder in den Zugriff auf Informationen in<br \/>Ihr Endger\u00e4t (z. B. via Device-Fingerprinting) eingewilligt haben, erfolgt die Datenverarbeitung zus\u00e4tzlich<br \/>auf Grundlage von \u00a7 25 Abs. 1 TDDDG. Die Einwilligung ist jederzeit widerrufbar. Sind Ihre Daten zur<br \/>Vertragserf\u00fcllung oder zur Durchf\u00fchrung vorvertraglicher Ma\u00dfnahmen erforderlich, verarbeiten wir Ihre<br \/>Daten auf Grundlage des Art. 6 Abs. 1 lit. b DSGVO. Des Weiteren verarbeiten wir Ihre Daten, sofern diese<br \/>zur Erf\u00fcllung einer rechtlichen Verpflichtung erforderlich sind auf Grundlage von Art. 6 Abs. 1 lit. c DSGVO.<br \/>Die Datenverarbeitung kann ferner auf Grundlage unseres berechtigten Interesses nach Art. 6 Abs. 1 lit. f<br \/>DSGVO erfolgen. \u00dcber die jeweils im Einzelfall einschl\u00e4gigen Rechtsgrundlagen wird in den folgenden<br \/>Abs\u00e4tzen dieser Datenschutzerkl\u00e4rung informiert.<\/p><p><strong>Empf\u00e4nger von personenbezogenen Daten<br \/><\/strong>Im Rahmen unserer Gesch\u00e4ftst\u00e4tigkeit arbeiten wir mit verschiedenen externen Stellen zusammen. Dabei<br \/>ist teilweise auch eine \u00dcbermittlung von personenbezogenen Daten an diese externen Stellen erforderlich.<br \/>Wir geben personenbezogene Daten nur dann an externe Stellen weiter, wenn dies im Rahmen einer<br \/>Vertragserf\u00fcllung erforderlich ist, wenn wir gesetzlich hierzu verpflichtet sind (z. B. Weitergabe von Daten<br \/>an Steuerbeh\u00f6rden), wenn wir ein berechtigtes Interesse nach Art. 6 Abs. 1 lit. f DSGVO an der Weitergabe<br \/>haben oder wenn eine sonstige Rechtsgrundlage die Datenweitergabe erlaubt. Beim Einsatz von<br \/>Auftragsverarbeitern geben wir personenbezogene Daten unserer Kunden nur auf Grundlage eines g\u00fcltigen<br \/>Vertrags \u00fcber Auftragsverarbeitung weiter. Im Falle einer gemeinsamen Verarbeitung wird ein Vertrag \u00fcber<br \/>gemeinsame Verarbeitung geschlossen<\/p><p><strong>Widerruf Ihrer Einwilligung zur Datenverarbeitung<br \/><\/strong>Viele Datenverarbeitungsvorg\u00e4nge sind nur mit Ihrer ausdr\u00fccklichen Einwilligung m\u00f6glich. Sie k\u00f6nnen eine<br \/>bereits erteilte Einwilligung jederzeit widerrufen. Die Rechtm\u00e4\u00dfigkeit der bis zum Widerruf erfolgten<br \/>Datenverarbeitung bleibt vom Widerruf unber\u00fchrt<strong><br \/><\/strong><br \/><strong>Widerspruchsrecht gegen die Datenerhebung in besonderen F\u00e4llen sowie gegen<\/strong><br \/><b>Direktwerbung (Art. 21 DSGVO)<br \/><\/b><span style=\"color: var( --e-global-color-text ); font-family: inherit; letter-spacing: 0px;\"><span style=\"font-weight: inherit;\">Wenn die Datenverarbeitung auf Grundlage von Art. 6 Abs. 1 lit. e oder f DSGVO erfolgt, haben Sie jederzeit das Recht, aus Gr\u00fcnden, die sich aus Ihrer besonderen Situation ergeben, gegen die Verarbeitung Ihrer personenbezogenen Daten Widerspruch einzulegen; dies gilt auch f\u00fcr ein auf diese Bestimmungen gest\u00fctztes Profiling. Die jeweilige Rechtsgrundlage, auf denen eine Verarbeitung beruht, entnehmen Sie dieser Datenschutzerkl\u00e4rung. Wenn Sie Widerspruch einlegen, werden wir Ihre betroffenen personenbezogenen Daten nicht mehr verarbeiten, es sei denn, wir k\u00f6nnen zwingende schutzw\u00fcrdige Gr\u00fcnde f\u00fcr die Verarbeitung nachweisen, die Ihre Interessen, Rechte und Freiheiten \u00fcberwiegen oder die Verarbeitung dient der Geltendmachung, Aus\u00fcbung oder Verteidigung von Rechtsanspr\u00fcchen (Widerspruch nach Art. 21 Abs. 1 DSGVO).<\/span><\/span><\/p><p>Werden Ihre personenbezogenen Daten verarbeitet, um Direktwerbung zu betreiben, so haben Sie das Recht, jederzeit Widerspruch gegen die Verarbeitung Sie betreffender personenbezogener Daten zum Zwecke derartiger Werbung einzulegen; dies gilt auch f\u00fcr das Profiling, soweit es mit solcher Direktwerbung in Verbindung steht. Wenn Sie widersprechen, werden Ihre personenbezogenen Daten nicht mehr f\u00fcr Direktwerbung verwendet. Widerspruch nach Art. 21 Abs. 2 DSGVO<\/p><p><strong>Beschwerderecht bei der zust\u00e4ndigen Aufsichtsbeh\u00f6rde<br \/><\/strong>Im Falle von Verst\u00f6ssen gegen die DSGVO steht den Betroffenen ein Beschwerderecht bei einer<br \/>Aufsichtsbeh\u00f6rde, insbesondere in dem Mitgliedstaat ihres gew\u00f6hnlichen Aufenthalts, ihres Arbeitsplatzes<br \/>oder des Orts des mutma\u00dflichen Versto\u00dfes zu. Das Beschwerderecht besteht unbeschadet anderweitiger<br \/>verwaltungsrechtlicher oder gerichtlicher Rechtsbehelfe.<\/p><p><strong>Recht auf Daten\u00fcbertragbarkeit<br \/><\/strong>Sie haben das Recht, Daten, die wir auf Grundlage Ihrer Einwilligung oder in Erf\u00fcllung eines Vertrags<br \/>automatisiert verarbeiten, an sich oder an einen Dritten in einem g\u00e4ngigen, maschinenlesbaren Format<br \/>aush\u00e4ndigen zu lassen. Sofern Sie die direkte \u00dcbertragung der Daten an einen anderen Verantwortlichen<br \/>verlangen, erfolgt dies nur, soweit es technisch machbar ist.<\/p><p><strong>Auskunft, Berichtigung und L\u00f6schung<br \/><\/strong>Sie haben im Rahmen der geltenden gesetzlichen Bestimmungen jederzeit das Recht auf unentgeltliche<br \/>Auskunft \u00fcber Ihre gespeicherten personenbezogenen Daten, deren Herkunft und Empf\u00e4nger und den<br \/>Zweck der Datenverarbeitung und ggf. ein Recht auf Berichtigung oder L\u00f6schung dieser Daten. Hierzu sowie<br \/>zu weiteren Fragen zum Thema personenbezogene Daten k\u00f6nnen Sie sich jederzeit an uns wenden.<\/p><p><strong>Recht auf Einschr\u00e4nkung der Verarbeitung<br \/><\/strong>Sie haben das Recht, die Einschr\u00e4nkung der Verarbeitung Ihrer personenbezogenen Daten zu verlangen.<br \/>Hierzu k\u00f6nnen Sie sich jederzeit an uns wenden. Das Recht auf Einschr\u00e4nkung der Verarbeitung besteht in<br \/>folgenden F\u00e4llen:<\/p><p>-Wenn Sie die Richtigkeit Ihrer bei uns gespeicherten personenbezogenen Daten bestreiten, ben\u00f6tigen wir<br \/>in der Regel Zeit, um dies zu \u00fcberpr\u00fcfen. F\u00fcr die Dauer der Pr\u00fcfung haben Sie das Recht, die<br \/>Einschr\u00e4nkung der Verarbeitung Ihrer personenbezogenen Daten zu verlangen.<br \/>-Wenn die Verarbeitung Ihrer personenbezogenen Daten unrechtm\u00e4\u00dfig geschah\/geschieht, k\u00f6nnen Sie<br \/>statt der L\u00f6schung die Einschr\u00e4nkung der Datenverarbeitung verlangen.<br \/>-Wenn wir Ihre personenbezogenen Daten nicht mehr ben\u00f6tigen, Sie sie jedoch zur Aus\u00fcbung,<br \/>Verteidigung oder Geltendmachung von Rechtsanspr\u00fcchen ben\u00f6tigen, haben Sie das Recht, statt der<br \/>L\u00f6schung die Einschr\u00e4nkung der Verarbeitung Ihrer personenbezogenen Daten zu verlangen.<br \/>-Wenn Sie einen Widerspruch nach Art. 21 Abs. 1 DSGVO eingelegt haben, muss eine Abw\u00e4gung zwischen<br \/>Ihren und unseren Interessen vorgenommen werden. Solange noch nicht feststeht, wessen Interessen<br \/>\u00fcberwiegen, haben Sie das Recht, die Einschr\u00e4nkung der Verarbeitung Ihrer personenbezogenen Daten<br \/>zu verlangen.<\/p><p>Wenn Sie die Verarbeitung Ihrer personenbezogenen Daten eingeschr\u00e4nkt haben, d\u00fcrfen diese Daten \u2013 von<br \/>ihrer Speicherung abgesehen \u2013 nur mit Ihrer Einwilligung oder zur Geltendmachung, Aus\u00fcbung oder<br \/>Verteidigung von Rechtsanspr\u00fcchen oder zum Schutz der Rechte einer anderen nat\u00fcrlichen oder<br \/>juristischen Person oder aus Gr\u00fcnden eines wichtigen \u00f6ffentlichen Interesses der Europ\u00e4ischen Union oder<br \/>eines Mitgliedstaats verarbeitet werden.<br \/><strong><br \/>SSL- bzw. TLS-Verschl\u00fcsselung<br \/><\/strong>Diese Seite nutzt aus Sicherheitsgr\u00fcnden und zum Schutz der \u00dcbertragung vertraulicher Inhalte, wie zum<br \/>Beispiel Bestellungen oder Anfragen, die Sie an uns als Seitenbetreiber senden, eine SSL- bzw. TLS-<br \/>Verschl\u00fcsselung. Eine verschl\u00fcsselte Verbindung erkennen Sie daran, dass die Adresszeile des Browsers von \u201ehttp:\/\/\u201c auf \u201ehttps:\/\/\u201c wechselt und an dem Schloss-Symbol in Ihrer Browserzeile. Wenn die SSL- bzw. TLS-Verschl\u00fcsselung aktiviert ist, k\u00f6nnen die Daten, die Sie an uns \u00fcbermitteln, nicht<br \/>von Dritten mitgelesen werden<\/p><p><strong> 4. Datenerfassung auf dieser Website<\/strong><br \/><strong><br \/>Cookies<br \/><\/strong>Unsere Internetseiten verwenden so genannte \u201eCookies\u201c. Cookies sind kleine Datenpakete und richten auf<br \/>Ihrem Endger\u00e4t keinen Schaden an. Sie werden entweder vor\u00fcbergehend f\u00fcr die Dauer einer Sitzung<br \/>(Session-Cookies) oder dauerhaft (permanente Cookies) auf Ihrem Endger\u00e4t gespeichert. Session-Cookies<br \/>werden nach Ende Ihres Besuchs automatisch gel\u00f6scht. Permanente Cookies bleiben auf Ihrem Endger\u00e4t<br \/>gespeichert, bis Sie diese selbst l\u00f6schen oder eine automatische L\u00f6schung durch Ihren Webbrowser erfolgt.<br \/>Cookies k\u00f6nnen von uns (First-Party-Cookies) oder von Drittunternehmen stammen (sog. Third-Party-<br \/>Cookies). Third-Party-Cookies erm\u00f6glichen die Einbindung bestimmter Dienstleistungen von<br \/>Drittunternehmen innerhalb von Webseiten (z. B. Cookies zur Abwicklung von Zahlungsdienstleistungen).<br \/>Cookies haben verschiedene Funktionen. Zahlreiche Cookies sind technisch notwendig, da bestimmte<br \/>Webseitenfunktionen ohne diese nicht funktionieren w\u00fcrden (z. B. die Warenkorbfunktion oder die Anzeige<br \/>von Videos). Andere Cookies k\u00f6nnen zur Auswertung des Nutzerverhaltens oder zu Werbezwecken<br \/>verwendet werden.<br \/>Cookies, die zur Durchf\u00fchrung des elektronischen Kommunikationsvorgangs, zur Bereitstellung<br \/>bestimmter, von Ihnen erw\u00fcnschter Funktionen (z. B. f\u00fcr die Warenkorbfunktion) oder zur Optimierung der<br \/>Website (z. B. Cookies zur Messung des Webpublikums) erforderlich sind (notwendige Cookies), werden auf<br \/>Grundlage von Art. 6 Abs. 1 lit. f DSGVO gespeichert, sofern keine andere Rechtsgrundlage angegeben wird.<br \/>Der Websitebetreiber hat ein berechtigtes Interesse an der Speicherung von notwendigen Cookies zur<br \/>technisch fehlerfreien und optimierten Bereitstellung seiner Dienste. Sofern eine Einwilligung zur<br \/>Speicherung von Cookies und vergleichbaren Wiedererkennungstechnologien abgefragt wurde, erfolgt die<br \/>Verarbeitung ausschlie\u00dflich auf Grundlage dieser Einwilligung (Art. 6 Abs. 1 lit. a DSGVO und \u00a7 25 Abs. 1<br \/>TDDDG); die Einwilligung ist jederzeit widerrufbar.<br \/>Sie k\u00f6nnen Ihren Browser so einstellen, dass Sie \u00fcber das Setzen von Cookies informiert werden und<br \/>Cookies nur im Einzelfall erlauben, die Annahme von Cookies f\u00fcr bestimmte F\u00e4lle oder generell ausschlie\u00dfen<br \/>sowie das automatische L\u00f6schen der Cookies beim Schlie\u00dfen des Browsers aktivieren. Bei der<br \/>Deaktivierung von Cookies kann die Funktionalit\u00e4t dieser Website eingeschr\u00e4nkt sein.<br \/>Welche Cookies und Dienste auf dieser Website eingesetzt werden, k\u00f6nnen Sie dieser<br \/>Datenschutzerkl\u00e4rung entnehmen.<br \/><strong><br \/>5. Soziale Medien<\/strong><br \/><strong><br \/>Facebook<br \/><\/strong>Auf dieser Website sind Elemente des sozialen Netzwerks Facebook integriert. Anbieter dieses Dienstes ist<br \/>die Meta Platforms Ireland Limited, Merrion Road, Dublin 4, D04 X2K5, Irland. Die erfassten Daten werden<br \/>nach Aussage von Facebook jedoch auch in die USA und in andere Drittl\u00e4nder \u00fcbertragen.<\/p><p>Eine \u00dcbersicht \u00fcber die Facebook Social-Media-Elemente finden Sie hier:<br \/>https:\/\/developers.facebook.com\/docs\/plugins\/?locale=de_DE.<\/p><p>Wenn das Social-Media-Element aktiv ist, wird eine direkte Verbindung zwischen Ihrem Endger\u00e4t und dem<br \/>Facebook-Server hergestellt. Facebook erh\u00e4lt dadurch die Information, dass Sie mit Ihrer IP-Adresse diese<br \/>Website besucht haben. Wenn Sie den Facebook \u201eLike-Button\u201c anklicken, w\u00e4hrend Sie in Ihrem Facebook-<br \/>Account eingeloggt sind, k\u00f6nnen Sie die Inhalte dieser Website auf Ihrem Facebook-Profil verlinken.<br \/>Dadurch kann Facebook den Besuch dieser Website Ihrem Benutzerkonto zuordnen. Wir weisen darauf hin,<br \/>dass wir als Anbieter der Seiten keine Kenntnis vom Inhalt der \u00fcbermittelten Daten sowie deren Nutzung<br \/>durch Facebook erhalten. Weitere Informationen hierzu finden Sie in der Datenschutzerkl\u00e4rung von<br \/>Facebook unter:<br \/>https:\/\/de-de.facebook.com\/privacy\/explanation.<\/p><p>Die Nutzung dieses Dienstes erfolgt auf Grundlage Ihrer Einwilligung nach Art. 6 Abs. 1 lit. a DSGVO und \u00a7<br \/>25 Abs. 1 TDDDG. Die Einwilligung ist jederzeit widerrufbar.<\/p><p>Soweit mit Hilfe des hier beschriebenen Tools personenbezogene Daten auf unserer Website erfasst und an<br \/>Facebook weitergeleitet werden, sind wir und die Meta Platforms Ireland Limited, 4 Grand Canal Square,<br \/>Grand Canal Harbour, Dublin 2, Irland gemeinsam f\u00fcr diese Datenverarbeitung verantwortlich (Art. 26<br \/>DSGVO). Die gemeinsame Verantwortlichkeit beschr\u00e4nkt sich dabei ausschlie\u00dflich auf die Erfassung der<br \/>Daten und deren Weitergabe an Facebook. Die nach der Weiterleitung erfolgende Verarbeitung durch<br \/>Facebook ist nicht Teil der gemeinsamen Verantwortung. Die uns gemeinsam obliegenden Verpflichtungen<br \/>wurden in einer Vereinbarung \u00fcber gemeinsame Verarbeitung festgehalten. Den Wortlaut der<br \/>Vereinbarung finden Sie unter:<br \/>https:\/\/www.facebook.com\/legal\/controller_addendum. Laut dieser Vereinbarung sind wir f\u00fcr die Erteilung<br \/>der Datenschutzinformationen beim Einsatz des Facebook-Tools und f\u00fcr die datenschutzrechtlich sichere<br \/>Implementierung des Tools auf unserer Website verantwortlich. F\u00fcr die Datensicherheit der Facebook-<br \/>Produkte ist Facebook verantwortlich. Betroffenenrechte (z. B. Auskunftsersuchen) hinsichtlich der bei<br \/>Facebook verarbeiteten Daten k\u00f6nnen Sie direkt bei Facebook geltend machen. Wenn Sie die<br \/>Betroffenenrechte bei uns geltend machen, sind wir verpflichtet, diese an Facebook weiterzuleiten.<\/p><p>Die Daten\u00fcbertragung in die USA wird auf die Standardvertragsklauseln der EU-Kommission gest\u00fctzt.<br \/>Details finden Sie hier:<br \/>https:\/\/www.facebook.com\/legal\/EU_data_transfer_addendum,<br \/>https:\/\/de-de.facebook.com\/help\/566994660333381 und<br \/>https:\/\/www.facebook.com\/policy.php.<br \/>Das Unternehmen verf\u00fcgt \u00fcber eine Zertifizierung nach dem \u201eEU-US Data Privacy Framework\u201c (DPF). Der<br \/>DPF ist ein \u00dcbereinkommen zwischen der Europ\u00e4ischen Union und den USA, der die Einhaltung<br \/>europ\u00e4ischer Datenschutzstandards bei Datenverarbeitungen in den USA gew\u00e4hrleisten soll. Jedes nach<br \/>dem DPF zertifizierte Unternehmen verpflichtet sich, diese Datenschutzstandards einzuhalten. Weitere<br \/>Informationen hierzu erhalten Sie vom Anbieter unter folgendem Link:<br \/>https:\/\/www.dataprivacyframework.gov\/participant\/4452.<\/p><p><strong>Instagram<br \/><\/strong>Auf dieser Website sind Funktionen des Dienstes Instagram eingebunden. Diese Funktionen werden<br \/>angeboten durch die Meta Platforms Ireland Limited, Merrion Road, Dublin 4, D04 X2K5, Irland.<\/p><p>Wenn das Social-Media-Element aktiv ist, wird eine direkte Verbindung zwischen Ihrem Endger\u00e4t und dem<br \/>Instagram-Server hergestellt. Instagram erh\u00e4lt dadurch Informationen \u00fcber den Besuch dieser Website<br \/>durch Sie.<\/p><p>Wenn Sie in Ihrem Instagram-Account eingeloggt sind, k\u00f6nnen Sie durch Anklicken des Instagram-Buttons<br \/>die Inhalte dieser Website mit Ihrem Instagram-Profil verlinken. Dadurch kann Instagram den Besuch dieser<br \/>Website Ihrem Benutzerkonto zuordnen. Wir weisen darauf hin, dass wir als Anbieter der Seiten keine<br \/>Kenntnis vom Inhalt der \u00fcbermittelten Daten sowie deren Nutzung durch Instagram erhalten.<\/p><p>Die Nutzung dieses Dienstes erfolgt auf Grundlage Ihrer Einwilligung nach Art. 6 Abs. 1 lit. a DSGVO und \u00a725 <br \/>Abs. 1 TDDDG. Die Einwilligung ist jederzeit widerrufbar.<\/p><p>Soweit mit Hilfe des hier beschriebenen Tools personenbezogene Daten auf unserer Website erfasst und an<br \/>Facebook bzw. Instagram weitergeleitet werden, sind wir und die Meta Platforms Ireland Limited, 4 Grand<br \/>Canal Square, Grand Canal Harbour, Dublin 2, Irland gemeinsam f\u00fcr diese Datenverarbeitung<br \/>verantwortlich (Art. 26 DSGVO). Die gemeinsame Verantwortlichkeit beschr\u00e4nkt sich dabei ausschlie\u00dflich<br \/>auf die Erfassung der Daten und deren Weitergabe an Facebook bzw. Instagram. Die nach der Weiterleitung<br \/>erfolgende Verarbeitung durch Facebook bzw. Instagram ist nicht Teil der gemeinsamen Verantwortung.<br \/>Die uns gemeinsam obliegenden Verpflichtungen wurden in einer Vereinbarung \u00fcber gemeinsame<br \/>Verarbeitung festgehalten. Den Wortlaut der Vereinbarung finden Sie unter:<br \/>https:\/\/www.facebook.com\/legal\/controller_addendum. Laut dieser Vereinbarung sind wir f\u00fcr die Erteilung<br \/>der Datenschutzinformationen beim Einsatz des Facebook- bzw. Instagram-Tools und f\u00fcr die<br \/>datenschutzrechtlich sichere Implementierung des Tools auf unserer Website verantwortlich. F\u00fcr die<br \/>Datensicherheit der Facebook bzw. Instagram-Produkte ist Facebook verantwortlich. Betroffenenrechte<br \/>(z. B. Auskunftsersuchen) hinsichtlich der bei Facebook bzw. Instagram verarbeiteten Daten k\u00f6nnen Sie<br \/>direkt bei Facebook geltend machen. Wenn Sie die Betroffenenrechte bei uns geltend machen, sind wir<br \/>verpflichtet, diese an Facebook weiterzuleiten.<\/p><p>Die Daten\u00fcbertragung in die USA wird auf die Standardvertragsklauseln der EU-Kommission gest\u00fctzt.<br \/>Details finden Sie hier:<br \/>https:\/\/www.facebook.com\/legal\/EU_data_transfer_addendum,<br \/>https:\/\/privacycenter.instagram.com\/policy\/ und<br \/>https:\/\/de-de.facebook.com\/help\/566994660333381.<\/p><p>Weitere Informationen hierzu finden Sie in der Datenschutzerkl\u00e4rung von Instagram:<br \/>https:\/\/privacycenter.instagram.com\/policy\/.<\/p><p>Das Unternehmen verf\u00fcgt \u00fcber eine Zertifizierung nach dem \u201eEU-US Data Privacy Framework\u201c (DPF). Der<br \/>DPF ist ein \u00dcbereinkommen zwischen der Europ\u00e4ischen Union und den USA, der die Einhaltung<br \/>europ\u00e4ischer Datenschutzstandards bei Datenverarbeitungen in den USA gew\u00e4hrleisten soll. Jedes nach<br \/>dem DPF zertifizierte Unternehmen verpflichtet sich, diese Datenschutzstandards einzuhalten. Weitere<br \/>Informationen hierzu erhalten Sie vom Anbieter unter folgendem Link:<br \/>https:\/\/www.dataprivacyframework.gov\/participant\/4452<\/p><p><b>LinkedIn<br \/><\/b><span style=\"color: var( --e-global-color-text ); font-family: inherit; letter-spacing: 0px;\"><span style=\"font-weight: inherit;\">Unsere Website verwendet Funktionen des Netzwerks LinkedIn, bereitgestellt von der LinkedIn Ireland Unlimited Company, Wilton Plaza, Wilton Place, Dublin 2, Irland. Bei jedem Abruf einer unserer Seiten, die LinkedIn-Funktionen enth\u00e4lt, wird eine Verbindung zu Servern von LinkedIn hergestellt. LinkedIn wird dar\u00fcber informiert, dass du unsere Internetseiten mit deiner IP-Adresse besucht hast. Wenn du den &#8220;Empfehlen-Button&#8221; von LinkedIn anklickst und in deinem Account bei LinkedIn eingeloggt bist, ist es LinkedIn m\u00f6glich, deinen Besuch auf unserer Website dir und deinem Benutzerkonto zuzuordnen. Weitere Informationen hierzu findest du in der Datenschutzerkl\u00e4rung von LinkedIn unter:https:\/\/de.linkedin.com\/legal\/privacy-policy?<\/span><\/span><\/p><p><span style=\"color: var( --e-global-color-text ); font-family: inherit; letter-spacing: 0px;\"><br \/><b>TikTok<br \/><\/b><\/span>TikTok ist eine Social-Media-App, mit der Nutzer kurze Videos zu jedem beliebigen Thema erstellen und teilen k\u00f6nnen. <span style=\"color: var( --e-global-color-text ); font-family: inherit; letter-spacing: 0px;\"><span style=\"font-weight: inherit;\">Wir nutzen auf unserer Website Funktionen des sozialen Netzwerks TikTok, angeboten durch die TikTok Technology Limited, 10 Earlsfort Terrace, Dublin, D02 T380, Irland. Durch die Einbindung von TikTok-Funktionen k\u00f6nnen Daten \u00fcber dein Nutzungsverhalten gesammelt und an TikTok \u00fcbermittelt werden. Diese Daten k\u00f6nnen von TikTok zur Erstellung von Nutzungsprofilen verwendet werden. Weitere Informationen zur Datenverarbeitung durch TikTok findest du in der Datenschutzerkl\u00e4rung von TikTok:\u00a0<\/span><\/span>https:\/\/www.tiktok.com\/legal\/page\/eea\/privacy-policy\/de<br \/><span style=\"color: var( --e-global-color-text ); font-family: inherit; letter-spacing: 0px;\"><br \/><b>6. Plugins und Tools\u00a0<br \/><\/b><\/span><span style=\"color: var( --e-global-color-text ); font-family: inherit; letter-spacing: 0px;\"><b><br \/>YouTube<\/b><br \/><\/span><span style=\"color: var( --e-global-color-text ); font-family: inherit; letter-spacing: 0px;\"><span style=\"font-weight: inherit;\">Diese Website bindet Videos der Website YouTube ein. Betreiber der Website ist die Google Ireland Limited <\/span><\/span><span style=\"color: var( --e-global-color-text ); font-family: inherit; font-weight: inherit; letter-spacing: 0px;\">(\u201eGoogle\u201c), Gordon House, Barrow Street, Dublin 4, Irland.\u00a0<\/span><span style=\"color: var( --e-global-color-text ); font-family: inherit; font-weight: inherit; letter-spacing: 0px;\">Wenn Sie eine unserer Webseiten besuchen, auf denen YouTube eingebunden ist, wird eine Verbindung zu\u00a0<\/span><span style=\"color: var( --e-global-color-text ); font-family: inherit; font-weight: inherit; letter-spacing: 0px;\">den Servern von YouTube hergestellt. Dabei wird dem YouTube-Server mitgeteilt, welche unserer Seiten Sie\u00a0<\/span><span style=\"color: var( --e-global-color-text ); font-family: inherit; font-weight: inherit; letter-spacing: 0px;\">besucht haben.\u00a0<\/span><span style=\"color: var( --e-global-color-text ); font-family: inherit; font-weight: inherit; letter-spacing: 0px;\">Des Weiteren kann YouTube verschiedene Cookies auf Ihrem Endger\u00e4t speichern oder vergleichbare\u00a0<\/span><span style=\"color: var( --e-global-color-text ); font-family: inherit; font-weight: inherit; letter-spacing: 0px;\">Technologien zur Wiedererkennung verwenden (z. B. Device-Fingerprinting). Auf diese Weise kann\u00a0<\/span><span style=\"color: var( --e-global-color-text ); font-family: inherit; font-weight: inherit; letter-spacing: 0px;\">YouTube Informationen \u00fcber Besucher dieser Website erhalten. Diese Informationen werden u. a.\u00a0<\/span><span style=\"color: var( --e-global-color-text ); font-family: inherit; font-weight: inherit; letter-spacing: 0px;\">verwendet, um Videostatistiken zu erfassen, die Anwenderfreundlichkeit zu verbessern und\u00a0<\/span><span style=\"color: var( --e-global-color-text ); font-family: inherit; font-weight: inherit; letter-spacing: 0px;\">Betrugsversuchen vorzubeugen. Des Weiteren werden die erfassten Daten im Google-Werbenetzwerk\u00a0<\/span><span style=\"color: var( --e-global-color-text ); font-family: inherit; font-weight: inherit; letter-spacing: 0px;\">verarbeitet.<\/span><span style=\"color: var( --e-global-color-text ); font-family: inherit; font-weight: inherit; letter-spacing: 0px;\">Wenn Sie in Ihrem YouTube-Account eingeloggt sind, erm\u00f6glichen Sie YouTube, Ihr Surfverhalten direkt\u00a0<\/span><span style=\"color: var( --e-global-color-text ); font-family: inherit; font-weight: inherit; letter-spacing: 0px;\">Ihrem pers\u00f6nlichen Profil zuzuordnen. Dies k\u00f6nnen Sie verhindern, indem Sie sich aus Ihrem YouTube-<\/span><span style=\"color: var( --e-global-color-text ); font-family: inherit; font-weight: inherit; letter-spacing: 0px;\">Account ausloggen.\u00a0<\/span><span style=\"color: var( --e-global-color-text ); font-family: inherit; font-weight: inherit; letter-spacing: 0px;\">Die Nutzung von YouTube erfolgt im Interesse einer ansprechenden Darstellung unserer Online-Angebote.\u00a0<\/span><span style=\"color: var( --e-global-color-text ); font-family: inherit; font-weight: inherit; letter-spacing: 0px;\">Dies stellt ein berechtigtes Interesse im Sinne von Art. 6 Abs. 1 lit. f DSGVO dar. Sofern eine entsprechende\u00a0<\/span><span style=\"color: var( --e-global-color-text ); font-family: inherit; font-weight: inherit; letter-spacing: 0px;\">Einwilligung abgefragt wurde, erfolgt die Verarbeitung ausschlie\u00dflich auf Grundlage von Art. 6 Abs. 1 lit. a\u00a0<\/span><span style=\"color: var( --e-global-color-text ); font-family: inherit; font-weight: inherit; letter-spacing: 0px;\">DSGVO und \u00a7 25 Abs. 1 TDDDG, soweit die Einwilligung die Speicherung von Cookies oder den Zugriff auf\u00a0<\/span><span style=\"color: var( --e-global-color-text ); font-family: inherit; font-weight: inherit; letter-spacing: 0px;\">Informationen im Endger\u00e4t des Nutzers (z. B. Device-Fingerprinting) im Sinne des TDDDG umfasst. Die\u00a0<\/span><span style=\"color: var( --e-global-color-text ); font-family: inherit; font-weight: inherit; letter-spacing: 0px;\">Einwilligung ist jederzeit widerrufbar.<\/span><\/p><p>Weitere Informationen zum Umgang mit Nutzerdaten finden Sie in der Datenschutzerkl\u00e4rung von YouTube<br \/>unter:<br \/>https:\/\/policies.google.com\/privacy?hl=de.<\/p><p>Das Unternehmen verf\u00fcgt \u00fcber eine Zertifizierung nach dem \u201eEU-US Data Privacy Framework\u201c (DPF). Der<br \/>DPF ist ein \u00dcbereinkommen zwischen der Europ\u00e4ischen Union und den USA, der die Einhaltung<br \/>europ\u00e4ischer Datenschutzstandards bei Datenverarbeitungen in den USA gew\u00e4hrleisten soll. Jedes nach<br \/>dem DPF zertifizierte Unternehmen verpflichtet sich, diese Datenschutzstandards einzuhalten. Weitere<br \/>Informationen hierzu erhalten Sie vom Anbieter unter folgendem Link:<br \/>https:\/\/www.dataprivacyframework.gov\/participant\/5780.<\/p><p><strong>Vimeo<br \/><\/strong>Diese Website nutzt Plugins des Videoportals Vimeo. Anbieter ist die Vimeo Inc., 555 West 18th Street, New<br \/>York, New York 10011, USA.<\/p><p>Wenn Sie eine unserer mit einem Vimeo-Video ausgestatteten Seiten besuchen, wird eine Verbindung zu<br \/>den Servern von Vimeo hergestellt. Dabei wird dem Vimeo-Server mitgeteilt, welche unserer Seiten Sie<br \/>besucht haben. Zudem erlangt Vimeo Ihre IP-Adresse. Dies gilt auch dann, wenn Sie nicht bei Vimeo<br \/>eingeloggt sind oder keinen Account bei Vimeo besitzen. Die von Vimeo erfassten Informationen werden an<br \/>den Vimeo-Server in den USA \u00fcbermittelt.<\/p><p>Wenn Sie in Ihrem Vimeo-Account eingeloggt sind, erm\u00f6glichen Sie Vimeo, Ihr Surfverhalten direkt Ihrem<br \/>pers\u00f6nlichen Profil zuzuordnen. Dies k\u00f6nnen Sie verhindern, indem Sie sich aus Ihrem Vimeo-Account<br \/>ausloggen.<\/p><p>Zur Wiedererkennung der Websitebesucher verwendet Vimeo Cookies bzw. vergleichbare<br \/>Wiedererkennungstechnologien (z. B. Device-Fingerprinting).<\/p><p>Die Nutzung von Vimeo erfolgt im Interesse einer ansprechenden Darstellung unserer Online-Angebote.<br \/>Dies stellt ein berechtigtes Interesse im Sinne des Art. 6 Abs. 1 lit. f DSGVO dar. Sofern eine entsprechende<br \/>Einwilligung abgefragt wurde, erfolgt die Verarbeitung ausschlie\u00dflich auf Grundlage von Art. 6 Abs. 1 lit. a<br \/>DSGVO und \u00a7 25 Abs. 1 TDDDG, soweit die Einwilligung die Speicherung von Cookies oder den Zugriff auf<br \/>Informationen im Endger\u00e4t des Nutzers (z. B. Device-Fingerprinting) im Sinne des TDDDG umfasst. Die<br \/>Einwilligung ist jederzeit widerrufbar.<\/p><p>Die Daten\u00fcbertragung in die USA wird auf die Standardvertragsklauseln der EU-Kommission sowie nach<br \/>Aussage von Vimeo auf \u201eberechtigte Gesch\u00e4ftsinteressen\u201c gest\u00fctzt. Details finden Sie hier:<br \/>https:\/\/vimeo.com\/privacy.<\/p><p>Weitere Informationen zum Umgang mit Nutzerdaten finden Sie in der Datenschutzerkl\u00e4rung von Vimeo<br \/>unter:<br \/>https:\/\/vimeo.com\/privacy.<\/p><p>Das Unternehmen verf\u00fcgt \u00fcber eine Zertifizierung nach dem \u201eEU-US Data Privacy Framework\u201c (DPF). Der<br \/>DPF ist ein \u00dcbereinkommen zwischen der Europ\u00e4ischen Union und den USA, der die Einhaltung<br \/>europ\u00e4ischer Datenschutzstandards bei Datenverarbeitungen in den USA gew\u00e4hrleisten soll. Jedes nach dem DPF zertifizierte Unternehmen verpflichtet sich, diese Datenschutzstandards einzuhalten. Weitere<br \/>Informationen hierzu erhalten Sie vom Anbieter unter folgendem Link:<br \/>https:\/\/www.dataprivacyframework.gov\/participant\/5711.<\/p><p><strong>Google Fonts (lokales Hosting)<br \/><\/strong>Diese Seite nutzt zur einheitlichen Darstellung von Schriftarten so genannte Google Fonts, die von Google<br \/>bereitgestellt werden. Die Google Fonts sind lokal installiert. Eine Verbindung zu Servern von Google findet<br \/>dabei nicht statt.<br \/>Weitere Informationen zu Google Fonts finden Sie unter<br \/>https:\/\/developers.google.com\/fonts\/faq und in der Datenschutzerkl\u00e4rung von Google:<br \/>https:\/\/policies.google.com\/privacy?hl=de.<br \/>MyFonts<br \/>Diese Seite nutzt MyFonts. Hierbei handelt es sich um Schriftarten, die beim Aufrufen unserer Website in<br \/>Ihren Browser geladen werden, um ein einheitliches Schriftbild bei der Webseitendarstellung zu<br \/>gew\u00e4hrleisten. Anbieter ist die Monotype Imaging Holdings Inc., 600 Unicorn Park Drive, Woburn,<br \/>Massachusetts 01801, USA.<\/p><p>Um die Einhaltung der Lizenzbedingungen und die Anzahl der monatlichen Seitenaufrufe zu \u00fcberpr\u00fcfen,<br \/>\u00fcbertr\u00e4gt MyFonts Ihre IP-Adresse zusammen mit der URL unserer Webseite und unseren Vertragsdaten<br \/>auf seine Server in den USA. Ihre IP-Adresse wird laut Monotype unmittelbar nach der \u00dcbertragung<br \/>anonymisiert, sodass kein Personenbezug mehr hergestellt werden kann (Anonymisierung).<\/p><p>Details entnehmen Sie der Datenschutzerkl\u00e4rung von Monotype unter<br \/>https:\/\/www.monotype.com\/de\/rechtshinweise\/datenschutzrichtlinie\/datenschutzrichtlinie-zum-tracking-<br \/>von-webschriften.<\/p><p>Das Unternehmen verf\u00fcgt \u00fcber eine Zertifizierung nach dem \u201eEU-US Data Privacy Framework\u201c (DPF). Der<br \/>DPF ist ein \u00dcbereinkommen zwischen der Europ\u00e4ischen Union und den USA, der die Einhaltung<br \/>europ\u00e4ischer Datenschutzstandards bei Datenverarbeitungen in den USA gew\u00e4hrleisten soll. Jedes nach<br \/>dem DPF zertifizierte Unternehmen verpflichtet sich, diese Datenschutzstandards einzuhalten. Weitere<br \/>Informationen hierzu erhalten Sie vom Anbieter unter folgendem Link:<br \/>https:\/\/www.dataprivacyframework.gov\/participant\/6347.<\/p><p><strong>Google Maps<br \/><\/strong>Diese Seite nutzt den Kartendienst Google Maps. Anbieter ist die Google Ireland Limited (\u201eGoogle\u201c), Gordon<br \/>House, Barrow Street, Dublin 4, Irland. Mit Hilfe dieses Dienstes k\u00f6nnen wir Kartenmaterial auf unserer<br \/>Website einbinden.<br \/>Zur Nutzung der Funktionen von Google Maps ist es notwendig, Ihre IP-Adresse zu speichern. Diese<br \/>Informationen werden in der Regel an einen Server von Google in den USA \u00fcbertragen und dort gespeichert.<br \/>Der Anbieter dieser Seite hat keinen Einfluss auf diese Daten\u00fcbertragung. Wenn Google Maps aktiviert ist,<br \/>kann Google zum Zwecke der einheitlichen Darstellung der Schriftarten Google Fonts verwenden. Beim<br \/>Aufruf von Google Maps l\u00e4dt Ihr Browser die ben\u00f6tigten Web Fonts in ihren Browsercache, um Texte und<br \/>Schriftarten korrekt anzuzeigen.<br \/>Die Nutzung von Google Maps erfolgt im Interesse einer ansprechenden Darstellung unserer Online-<br \/>Angebote und an einer leichten Auffindbarkeit der von uns auf der Website angegebenen Orte. Dies stellt<br \/>ein berechtigtes Interesse im Sinne von Art. 6 Abs. 1 lit. f DSGVO dar. Sofern eine entsprechende<\/p><p>Einwilligung abgefragt wurde, erfolgt die Verarbeitung ausschlie\u00dflich auf Grundlage von Art. 6 Abs. 1 lit. a<br \/>DSGVO und \u00a7 25 Abs. 1 TDDDG, soweit die Einwilligung die Speicherung von Cookies oder den Zugriff auf<br \/>Informationen im Endger\u00e4t des Nutzers (z. B. Device-Fingerprinting) im Sinne des TDDDG umfasst. Die<br \/>Einwilligung ist jederzeit widerrufbar.<\/p><p>Die Daten\u00fcbertragung in die USA wird auf die Standardvertragsklauseln der EU-Kommission gest\u00fctzt.<br \/>Details finden Sie hier:<br \/>https:\/\/privacy.google.com\/businesses\/gdprcontrollerterms\/ und<br \/>https:\/\/privacy.google.com\/businesses\/gdprcontrollerterms\/sccs\/.<\/p><p>Mehr Informationen zum Umgang mit Nutzerdaten finden Sie in der Datenschutzerkl\u00e4rung von Google:<br \/>https:\/\/policies.google.com\/privacy?hl=de.<\/p><p>Das Unternehmen verf\u00fcgt \u00fcber eine Zertifizierung nach dem \u201eEU-US Data Privacy Framework\u201c (DPF). Der<br \/>DPF ist ein \u00dcbereinkommen zwischen der Europ\u00e4ischen Union und den USA, der die Einhaltung<br \/>europ\u00e4ischer Datenschutzstandards bei Datenverarbeitungen in den USA gew\u00e4hrleisten soll. Jedes nach<br \/>dem DPF zertifizierte Unternehmen verpflichtet sich, diese Datenschutzstandards einzuhalten. Weitere<br \/>Informationen hierzu erhalten Sie vom Anbieter unter folgendem Link:<br \/>https:\/\/www.dataprivacyframework.gov\/participant\/5780<\/p><p><b>Calendly<br \/><\/b><span style=\"color: var( --e-global-color-text ); font-family: inherit; font-weight: inherit; letter-spacing: 0px;\">Calendly ist eine Plattform f\u00fcr die Planung von Terminen, Besprechungen <\/span><span style=\"color: var( --e-global-color-text ); font-family: inherit; font-weight: inherit; letter-spacing: 0px;\">und Veranstaltungen. Wenn Sie <br \/><\/span><span style=\"color: var( --e-global-color-text ); font-family: inherit; font-weight: inherit; letter-spacing: 0px;\">diesem Dienst einwilligen, werden Inhalte\u00a0<\/span><span style=\"color: var( --e-global-color-text ); font-family: inherit; font-weight: inherit; letter-spacing: 0px;\">von dieser Plattform auf dieser Website angezeigt.\u00a0<br \/><\/span><span style=\"color: var( --e-global-color-text ); font-family: inherit; letter-spacing: 0px;\"><span style=\"font-weight: inherit;\">Kontakt: Friedrichstrabe 88, Excellent Business Centre, Berlin, 10117, Germany<\/span><\/span><\/p><p><b>Wistia<br \/><\/b>Wistia ist eine Videohosting-Plattform. 120 Brookline Street, Cambridge, Massachusetts, 02139, USA,<br \/>Datenschutzerkl\u00e4rung: https:\/\/wistia.com\/privacy<br \/>Adresse: 120 Brookline Street, Cambridge, Massachusetts, 02139, USA<\/p><p><b>Tik Tok Pixel<br \/><\/b>TikTok Pixel ist ein von TikTok angebotener Webanalysedienst, der unseren Website-Verkehr nachverfolgt <br \/>und analysiert. Er gibt Aufschluss dar\u00fcber, wie Nutzer mit unserer Website interagieren, und hilft uns, <br \/>unser Publikum zu verstehen und unsere Online-Pr\u00e4senz und die Ausrichtung von Anzeigen zu optimieren.<br \/>Adresse:\u00a0TikTok Technology Limited, 10 Earlsfort Terrace, Dublin, D02 T380, Ireland<\/p><p><b>Meta Pixel<br \/><\/b>Meta Pixel ist ein von Meta angebotener Webanalysedienst, der unseren Website-Verkehr nachverfolgt <br \/>und analysiert. Er gibt Aufschluss dar\u00fcber, wie Nutzer mit unserer Website interagieren, und hilft uns, <br \/>unser Publikum zu verstehen und unsere Online-Pr\u00e4senz und die Ausrichtung von Anzeigen zu optimieren.<br \/>Adresse:\u00a0Meta Platforms Ireland Limited, 4 Grand Canal Square, Grand Canal Harbour, Dublin 2, Irland<br \/><b><br \/>LinkedIn-Insight Tag<br \/><\/b>Insight-Tag liefert demografische Informationen \u00fcber Website-Besucher, z. B. Berufsbezeichnung, Arbeitgeber usw. <br \/>Datenschutzerkl\u00e4rung: https:\/\/de.linkedin.com\/legal\/privacy-policy?<br \/>Adresse: LinkedIn Ireland Unlimited Company, Wilton Plaza, Wilton Place, Dublin 2, Ireland<br \/><b><br \/>Google Ads<br \/><\/b>Google Ads Conversion Tracking erm\u00f6glicht es uns, Nutzeraktivit\u00e4ten wie K\u00e4ufe oder Anmeldungen nach <br \/>einem Anzeigenklick zu verfolgen.<br \/>Datenschutzerkl\u00e4rung:\u00a0https:\/\/business.safety.google\/privacy\/?hl=de\u00a0\u00a0<br \/>Cookie-URL:\u00a0https:\/\/policies.google.com\/technologies\/cookies?hl=de<br \/>Adresse: Gordon House, Barrow Street, Dublin 4, Ireland<\/p><p><b>Google Tag Manager<br \/><\/b>Google Tag Manager ist ein Tag-Management-System (TMS), mit dem wir Messcodes und zugeh\u00f6rige <br \/>Codefragmente auf unserer Website aktualisieren<br \/>k\u00f6nnen.<br \/>Datenschutzerkl\u00e4rung:\u00a0https:\/\/business.safety.google\/privacy\/?hl=de<br \/>Cookie-URL:\u00a0https:\/\/policies.google.com\/technologies\/cookies?hl=de<br \/>Adresse: Gordon House, Barrow Street, Dublin 4, Ireland<br \/><b style=\"color: var( --e-global-color-text ); font-family: inherit; letter-spacing: 0px;\"><br \/>Google Analytics<br \/><\/b>Google Analytics ist ein Webanalysedienst von Google, der unseren Website-Verkehr nachverfolgt und <br \/>analysiert. Er erm\u00f6glicht Einblicke in das Nutzerverhalten auf unserer Website und unterst\u00fctzt uns dabei,<br \/>unsere Zielgruppe besser zu verstehen sowie unsere Online-Aktivit\u00e4ten zu optimieren.<br \/>Datenschutzerkl\u00e4rung:\u00a0https:\/\/business.safety.google\/privacy\/?hl=de<br \/>Cookie-URL:\u00a0https:\/\/policies.google.com\/technologies\/cookies?hl=de<br \/>Adresse: Gordon House, Barrow Street, Dublin 4, Ireland<br \/><b><br \/><\/b><\/p><p><b>\u00a0<\/b><\/p><p><b>\u00a0<\/b><\/p>\t\t\t\t\t\t\t\t<\/div>\n\t\t\t\t<\/div>\n\t\t            <\/div>\r\n        <\/div>\r\n        \t\t\t<\/div>\r\n\t\t<\/section>\r\n\t\t\t\t<\/div>","protected":false},"excerpt":{"rendered":"<p>Datenschutzerkl\u00e4rung 1. Datenschutz auf einen Blick Allgemeine HinweiseDie folgenden Hinweise geben einen einfachen \u00dcberblick dar\u00fcber, was mit Ihren personenbezogenen Datenpassiert, wenn Sie diese Website besuchen. Personenbezogene Daten sind alle Daten, mit denen Siepers\u00f6nlich identifiziert werden k\u00f6nnen. Ausf\u00fchrliche Informationen zum Thema Datenschutz entnehmenSie unserer unter diesem Text aufgef\u00fchrten Datenschutzerkl\u00e4rung. Datenerfassung auf dieser WebsiteWer ist verantwortlich f\u00fcr [&hellip;]<\/p>\n","protected":false},"author":1,"featured_media":0,"parent":0,"menu_order":0,"comment_status":"closed","ping_status":"closed","template":"","meta":{"footnotes":""},"class_list":["post-3203","page","type-page","status-publish","hentry"],"yoast_head":"<!-- This site is optimized with the Yoast SEO plugin v27.5 - https:\/\/yoast.com\/product\/yoast-seo-wordpress\/ -->\n<title>Datenschutzerkl\u00e4rung - Kindergarten Pasitos in Z\u00fcrich<\/title>\n<meta name=\"robots\" content=\"index, nofollow, max-snippet:-1, max-image-preview:large, max-video-preview:-1\" \/>\n<link rel=\"canonical\" href=\"https:\/\/www.kindergartenpasitos.ch\/es\/datenschutzerklaerung\/\" \/>\n<meta property=\"og:locale\" content=\"es_ES\" \/>\n<meta property=\"og:type\" content=\"article\" \/>\n<meta property=\"og:title\" content=\"Datenschutzerkl\u00e4rung - Kindergarten Pasitos in Z\u00fcrich\" \/>\n<meta property=\"og:description\" content=\"Datenschutzerkl\u00e4rung 1. Datenschutz auf einen Blick Allgemeine HinweiseDie folgenden Hinweise geben einen einfachen \u00dcberblick dar\u00fcber, was mit Ihren personenbezogenen Datenpassiert, wenn Sie diese Website besuchen. Personenbezogene Daten sind alle Daten, mit denen Siepers\u00f6nlich identifiziert werden k\u00f6nnen. Ausf\u00fchrliche Informationen zum Thema Datenschutz entnehmenSie unserer unter diesem Text aufgef\u00fchrten Datenschutzerkl\u00e4rung. Datenerfassung auf dieser WebsiteWer ist verantwortlich f\u00fcr [&hellip;]\" \/>\n<meta property=\"og:url\" content=\"https:\/\/www.kindergartenpasitos.ch\/es\/datenschutzerklaerung\/\" \/>\n<meta property=\"og:site_name\" content=\"Kindergarten Pasitos in Z\u00fcrich\" \/>\n<meta property=\"article:publisher\" content=\"https:\/\/www.facebook.com\/StiftungPasitos19\/\" \/>\n<meta property=\"article:modified_time\" content=\"2025-02-10T20:19:38+00:00\" \/>\n<meta property=\"og:image\" content=\"https:\/\/www.kindergartenpasitos.ch\/wp-content\/uploads\/2025\/01\/Kindergarten-Pasitos-Logo.webp\" \/>\n\t<meta property=\"og:image:width\" content=\"1366\" \/>\n\t<meta property=\"og:image:height\" content=\"768\" \/>\n\t<meta property=\"og:image:type\" content=\"image\/webp\" \/>\n<meta name=\"twitter:card\" content=\"summary_large_image\" \/>\n<meta name=\"twitter:label1\" content=\"Tiempo de lectura\" \/>\n\t<meta name=\"twitter:data1\" content=\"26 minutos\" \/>\n<script type=\"application\/ld+json\" class=\"yoast-schema-graph\">{\"@context\":\"https:\\\/\\\/schema.org\",\"@graph\":[{\"@type\":\"WebPage\",\"@id\":\"https:\\\/\\\/www.kindergartenpasitos.ch\\\/datenschutzerklaerung\\\/\",\"url\":\"https:\\\/\\\/www.kindergartenpasitos.ch\\\/datenschutzerklaerung\\\/\",\"name\":\"Datenschutzerkl\u00e4rung - Kindergarten Pasitos in Z\u00fcrich\",\"isPartOf\":{\"@id\":\"https:\\\/\\\/www.kindergartenpasitos.ch\\\/#website\"},\"datePublished\":\"2020-11-10T14:38:41+00:00\",\"dateModified\":\"2025-02-10T20:19:38+00:00\",\"breadcrumb\":{\"@id\":\"https:\\\/\\\/www.kindergartenpasitos.ch\\\/datenschutzerklaerung\\\/#breadcrumb\"},\"inLanguage\":\"es\",\"potentialAction\":[{\"@type\":\"ReadAction\",\"target\":[\"https:\\\/\\\/www.kindergartenpasitos.ch\\\/datenschutzerklaerung\\\/\"]}]},{\"@type\":\"BreadcrumbList\",\"@id\":\"https:\\\/\\\/www.kindergartenpasitos.ch\\\/datenschutzerklaerung\\\/#breadcrumb\",\"itemListElement\":[{\"@type\":\"ListItem\",\"position\":1,\"name\":\"Startseite\",\"item\":\"https:\\\/\\\/www.kindergartenpasitos.ch\\\/\"},{\"@type\":\"ListItem\",\"position\":2,\"name\":\"Datenschutzerkl\u00e4rung\"}]},{\"@type\":\"WebSite\",\"@id\":\"https:\\\/\\\/www.kindergartenpasitos.ch\\\/#website\",\"url\":\"https:\\\/\\\/www.kindergartenpasitos.ch\\\/\",\"name\":\"Kindergarten Pasitos in Z\u00fcrich\",\"description\":\"Pasitos \u2013 der zweisprachige private Kindergarten in Z\u00fcrich, in dem dein Kind spielerisch Deutsch und Spanisch lernt.\",\"publisher\":{\"@id\":\"https:\\\/\\\/www.kindergartenpasitos.ch\\\/#organization\"},\"potentialAction\":[{\"@type\":\"SearchAction\",\"target\":{\"@type\":\"EntryPoint\",\"urlTemplate\":\"https:\\\/\\\/www.kindergartenpasitos.ch\\\/?s={search_term_string}\"},\"query-input\":{\"@type\":\"PropertyValueSpecification\",\"valueRequired\":true,\"valueName\":\"search_term_string\"}}],\"inLanguage\":\"es\"},{\"@type\":\"Organization\",\"@id\":\"https:\\\/\\\/www.kindergartenpasitos.ch\\\/#organization\",\"name\":\"Kindergarten Pasitos in Z\u00fcrich\",\"url\":\"https:\\\/\\\/www.kindergartenpasitos.ch\\\/\",\"logo\":{\"@type\":\"ImageObject\",\"inLanguage\":\"es\",\"@id\":\"https:\\\/\\\/www.kindergartenpasitos.ch\\\/#\\\/schema\\\/logo\\\/image\\\/\",\"url\":\"https:\\\/\\\/www.kindergartenpasitos.ch\\\/wp-content\\\/uploads\\\/2025\\\/02\\\/Kindergarten-Pasitos-Logo-scaled.webp\",\"contentUrl\":\"https:\\\/\\\/www.kindergartenpasitos.ch\\\/wp-content\\\/uploads\\\/2025\\\/02\\\/Kindergarten-Pasitos-Logo-scaled.webp\",\"width\":2560,\"height\":2560,\"caption\":\"Kindergarten Pasitos in Z\u00fcrich\"},\"image\":{\"@id\":\"https:\\\/\\\/www.kindergartenpasitos.ch\\\/#\\\/schema\\\/logo\\\/image\\\/\"},\"sameAs\":[\"https:\\\/\\\/www.facebook.com\\\/StiftungPasitos19\\\/\",\"https:\\\/\\\/www.tiktok.com\\\/@stiftungpasitos?is_from_webapp=1&sender_device=pc\",\"https:\\\/\\\/www.youtube.com\\\/@StiftungPASITOSKindergarten\",\"https:\\\/\\\/www.instagram.com\\\/stiftungpasitos\\\/\"]}]}<\/script>\n<!-- \/ Yoast SEO plugin. -->","yoast_head_json":{"title":"Datenschutzerkl\u00e4rung - Kindergarten Pasitos in Z\u00fcrich","robots":{"index":"index","follow":"nofollow","max-snippet":"max-snippet:-1","max-image-preview":"max-image-preview:large","max-video-preview":"max-video-preview:-1"},"canonical":"https:\/\/www.kindergartenpasitos.ch\/es\/datenschutzerklaerung\/","og_locale":"es_ES","og_type":"article","og_title":"Datenschutzerkl\u00e4rung - Kindergarten Pasitos in Z\u00fcrich","og_description":"Datenschutzerkl\u00e4rung 1. Datenschutz auf einen Blick Allgemeine HinweiseDie folgenden Hinweise geben einen einfachen \u00dcberblick dar\u00fcber, was mit Ihren personenbezogenen Datenpassiert, wenn Sie diese Website besuchen. Personenbezogene Daten sind alle Daten, mit denen Siepers\u00f6nlich identifiziert werden k\u00f6nnen. Ausf\u00fchrliche Informationen zum Thema Datenschutz entnehmenSie unserer unter diesem Text aufgef\u00fchrten Datenschutzerkl\u00e4rung. Datenerfassung auf dieser WebsiteWer ist verantwortlich f\u00fcr [&hellip;]","og_url":"https:\/\/www.kindergartenpasitos.ch\/es\/datenschutzerklaerung\/","og_site_name":"Kindergarten Pasitos in Z\u00fcrich","article_publisher":"https:\/\/www.facebook.com\/StiftungPasitos19\/","article_modified_time":"2025-02-10T20:19:38+00:00","og_image":[{"width":1366,"height":768,"url":"https:\/\/www.kindergartenpasitos.ch\/wp-content\/uploads\/2025\/01\/Kindergarten-Pasitos-Logo.webp","type":"image\/webp"}],"twitter_card":"summary_large_image","twitter_misc":{"Tiempo de lectura":"26 minutos"},"schema":{"@context":"https:\/\/schema.org","@graph":[{"@type":"WebPage","@id":"https:\/\/www.kindergartenpasitos.ch\/datenschutzerklaerung\/","url":"https:\/\/www.kindergartenpasitos.ch\/datenschutzerklaerung\/","name":"Datenschutzerkl\u00e4rung - Kindergarten Pasitos in Z\u00fcrich","isPartOf":{"@id":"https:\/\/www.kindergartenpasitos.ch\/#website"},"datePublished":"2020-11-10T14:38:41+00:00","dateModified":"2025-02-10T20:19:38+00:00","breadcrumb":{"@id":"https:\/\/www.kindergartenpasitos.ch\/datenschutzerklaerung\/#breadcrumb"},"inLanguage":"es","potentialAction":[{"@type":"ReadAction","target":["https:\/\/www.kindergartenpasitos.ch\/datenschutzerklaerung\/"]}]},{"@type":"BreadcrumbList","@id":"https:\/\/www.kindergartenpasitos.ch\/datenschutzerklaerung\/#breadcrumb","itemListElement":[{"@type":"ListItem","position":1,"name":"Startseite","item":"https:\/\/www.kindergartenpasitos.ch\/"},{"@type":"ListItem","position":2,"name":"Datenschutzerkl\u00e4rung"}]},{"@type":"WebSite","@id":"https:\/\/www.kindergartenpasitos.ch\/#website","url":"https:\/\/www.kindergartenpasitos.ch\/","name":"Jard\u00edn de infancia Pasitos en Z\u00farich","description":"Pasitos \u2013 der zweisprachige private Kindergarten in Z\u00fcrich, in dem dein Kind spielerisch Deutsch und Spanisch lernt.","publisher":{"@id":"https:\/\/www.kindergartenpasitos.ch\/#organization"},"potentialAction":[{"@type":"SearchAction","target":{"@type":"EntryPoint","urlTemplate":"https:\/\/www.kindergartenpasitos.ch\/?s={search_term_string}"},"query-input":{"@type":"PropertyValueSpecification","valueRequired":true,"valueName":"search_term_string"}}],"inLanguage":"es"},{"@type":"Organization","@id":"https:\/\/www.kindergartenpasitos.ch\/#organization","name":"Jard\u00edn de infancia Pasitos en Z\u00farich","url":"https:\/\/www.kindergartenpasitos.ch\/","logo":{"@type":"ImageObject","inLanguage":"es","@id":"https:\/\/www.kindergartenpasitos.ch\/#\/schema\/logo\/image\/","url":"https:\/\/www.kindergartenpasitos.ch\/wp-content\/uploads\/2025\/02\/Kindergarten-Pasitos-Logo-scaled.webp","contentUrl":"https:\/\/www.kindergartenpasitos.ch\/wp-content\/uploads\/2025\/02\/Kindergarten-Pasitos-Logo-scaled.webp","width":2560,"height":2560,"caption":"Kindergarten Pasitos in Z\u00fcrich"},"image":{"@id":"https:\/\/www.kindergartenpasitos.ch\/#\/schema\/logo\/image\/"},"sameAs":["https:\/\/www.facebook.com\/StiftungPasitos19\/","https:\/\/www.tiktok.com\/@stiftungpasitos?is_from_webapp=1&sender_device=pc","https:\/\/www.youtube.com\/@StiftungPASITOSKindergarten","https:\/\/www.instagram.com\/stiftungpasitos\/"]}]}},"_links":{"self":[{"href":"https:\/\/www.kindergartenpasitos.ch\/es\/wp-json\/wp\/v2\/pages\/3203","targetHints":{"allow":["GET"]}}],"collection":[{"href":"https:\/\/www.kindergartenpasitos.ch\/es\/wp-json\/wp\/v2\/pages"}],"about":[{"href":"https:\/\/www.kindergartenpasitos.ch\/es\/wp-json\/wp\/v2\/types\/page"}],"author":[{"embeddable":true,"href":"https:\/\/www.kindergartenpasitos.ch\/es\/wp-json\/wp\/v2\/users\/1"}],"replies":[{"embeddable":true,"href":"https:\/\/www.kindergartenpasitos.ch\/es\/wp-json\/wp\/v2\/comments?post=3203"}],"version-history":[{"count":34,"href":"https:\/\/www.kindergartenpasitos.ch\/es\/wp-json\/wp\/v2\/pages\/3203\/revisions"}],"predecessor-version":[{"id":6945,"href":"https:\/\/www.kindergartenpasitos.ch\/es\/wp-json\/wp\/v2\/pages\/3203\/revisions\/6945"}],"wp:attachment":[{"href":"https:\/\/www.kindergartenpasitos.ch\/es\/wp-json\/wp\/v2\/media?parent=3203"}],"curies":[{"name":"wp","href":"https:\/\/api.w.org\/{rel}","templated":true}]}}